{"id":3068,"date":"2022-01-24T10:43:44","date_gmt":"2022-01-24T10:43:44","guid":{"rendered":"https:\/\/www.niunapalabraanadie.com\/avantis\/libros-de-texto\/"},"modified":"2026-08-12T20:15:39","modified_gmt":"2026-08-12T18:15:39","slug":"libros-y-material-escolar","status":"publish","type":"page","link":"https:\/\/avantis.edu.es\/es\/libros-y-material-escolar\/","title":{"rendered":"Libros y material escolar"},"content":{"rendered":"\t\t<div data-elementor-type=\"wp-page\" data-elementor-id=\"3068\" class=\"elementor elementor-3068 elementor-1027\" data-elementor-post-type=\"page\">\n\t\t\t\t\t\t<section class=\"elementor-section elementor-top-section elementor-element elementor-element-fa41712 elementor-section-full_width elementor-section-height-default elementor-section-height-default\" data-id=\"fa41712\" data-element_type=\"section\" data-e-type=\"section\">\n\t\t\t\t\t\t<div class=\"elementor-container elementor-column-gap-no\">\n\t\t\t\t\t<div class=\"elementor-column elementor-col-100 elementor-top-column elementor-element elementor-element-6e7f1fd\" data-id=\"6e7f1fd\" data-element_type=\"column\" data-e-type=\"column\">\n\t\t\t<div class=\"elementor-widget-wrap elementor-element-populated\">\n\t\t\t\t\t\t<div class=\"elementor-element elementor-element-e6be2c3 elementor--h-position-center elementor--v-position-middle elementor-widget elementor-widget-slides\" data-id=\"e6be2c3\" data-element_type=\"widget\" data-e-type=\"widget\" data-settings=\"{&quot;navigation&quot;:&quot;none&quot;,&quot;transition&quot;:&quot;slide&quot;,&quot;transition_speed&quot;:500}\" data-widget_type=\"slides.default\">\n\t\t\t\t<div class=\"elementor-widget-container\">\n\t\t\t\t\t\t\t\t\t<div class=\"elementor-swiper\">\n\t\t\t\t\t<div class=\"elementor-slides-wrapper elementor-main-swiper swiper\" role=\"region\" aria-roledescription=\"carousel\" aria-label=\"Diapositives\" dir=\"ltr\" data-animation=\"\">\n\t\t\t\t<div class=\"swiper-wrapper elementor-slides\">\n\t\t\t\t\t\t\t\t\t\t<div class=\"elementor-repeater-item-8bc8c26 swiper-slide\" role=\"group\" aria-roledescription=\"slide\"><div class=\"swiper-slide-bg\" role=\"img\" aria-label=\"Llibres\"><\/div><div class=\"elementor-background-overlay\"><\/div><div class=\"swiper-slide-inner\" ><div class=\"swiper-slide-contents\"><h1 class=\"elementor-slide-heading\">LIBROS Y MATERIAL ESCOLAR<\/h1><\/div><\/div><\/div>\t\t\t\t<\/div>\n\t\t\t\t\t\t\t<\/div>\n\t\t\t\t<\/div>\n\t\t\t\t\t\t\t\t<\/div>\n\t\t\t\t<\/div>\n\t\t\t\t\t<\/div>\n\t\t<\/div>\n\t\t\t\t\t<\/div>\n\t\t<\/section>\n\t\t\t\t<section class=\"elementor-section elementor-top-section elementor-element elementor-element-84022e9 elementor-section-boxed elementor-section-height-default elementor-section-height-default\" data-id=\"84022e9\" data-element_type=\"section\" data-e-type=\"section\">\n\t\t\t\t\t\t<div class=\"elementor-container elementor-column-gap-default\">\n\t\t\t\t\t<div class=\"elementor-column elementor-col-100 elementor-top-column elementor-element elementor-element-3847066\" data-id=\"3847066\" data-element_type=\"column\" data-e-type=\"column\">\n\t\t\t<div class=\"elementor-widget-wrap elementor-element-populated\">\n\t\t\t\t\t\t<div class=\"elementor-element elementor-element-d077249 elementor-widget elementor-widget-spacer\" data-id=\"d077249\" data-element_type=\"widget\" data-e-type=\"widget\" data-widget_type=\"spacer.default\">\n\t\t\t\t<div class=\"elementor-widget-container\">\n\t\t\t\t\t\t\t<div class=\"elementor-spacer\">\n\t\t\t<div class=\"elementor-spacer-inner\"><\/div>\n\t\t<\/div>\n\t\t\t\t\t\t<\/div>\n\t\t\t\t<\/div>\n\t\t\t\t\t<\/div>\n\t\t<\/div>\n\t\t\t\t\t<\/div>\n\t\t<\/section>\n\t\t\t\t<section class=\"elementor-section elementor-top-section elementor-element elementor-element-e2e6813 elementor-section-boxed elementor-section-height-default elementor-section-height-default\" data-id=\"e2e6813\" data-element_type=\"section\" data-e-type=\"section\" data-settings=\"{&quot;background_background&quot;:&quot;classic&quot;}\">\n\t\t\t\t\t\t<div class=\"elementor-container elementor-column-gap-default\">\n\t\t\t\t\t<div class=\"elementor-column elementor-col-100 elementor-top-column elementor-element elementor-element-dfdbed1\" data-id=\"dfdbed1\" data-element_type=\"column\" data-e-type=\"column\">\n\t\t\t<div class=\"elementor-widget-wrap elementor-element-populated\">\n\t\t\t\t\t\t<div class=\"elementor-element elementor-element-d88edb2 elementor-widget elementor-widget-text-editor\" data-id=\"d88edb2\" data-element_type=\"widget\" data-e-type=\"widget\" data-widget_type=\"text-editor.default\">\n\t\t\t\t<div class=\"elementor-widget-container\">\n\t\t\t\t\t\t\t\t\t<p><span style=\"font-weight: 400;\">Le comunicamos que <span style=\"color: #0093d8;\"><strong>este curso 23-24<\/strong><\/span>, los libros de texto y el material escolar de los alumnos de I-3, I-4 e I-5 estar\u00e1n incluidos en el recibo de material colectivo. Por tanto, no se deber\u00e1 realizar ning\u00fan pedido ni de libros ni de material escolar a nuestro proveedor oficial Abacus. <\/span><\/p>\n<p><span style=\"font-weight: 400;\">Todo el material y los libros los tendr\u00e1 su tutora en el aula el primer d\u00eda, siempre que se haya pagado el recibo de material colectivo. No ser\u00e1 necesario marcar el material. <\/span><\/p>\n<p><span style=\"font-weight: 400;\">Esperando que este cambio sea para darle un mejor servicio y facilitarle la organizaci\u00f3n, reciba un cordial saludo.<\/span><\/p>\n\t\t\t\t\t\t\t\t<\/div>\n\t\t\t\t<\/div>\n\t\t\t\t\t<\/div>\n\t\t<\/div>\n\t\t\t\t\t<\/div>\n\t\t<\/section>\n\t\t\t\t<section class=\"elementor-section elementor-top-section elementor-element elementor-element-851ce18 elementor-section-full_width elementor-section-height-default elementor-section-height-default\" data-id=\"851ce18\" data-element_type=\"section\" data-e-type=\"section\">\n\t\t\t\t\t\t<div class=\"elementor-container elementor-column-gap-default\">\n\t\t\t\t\t<div class=\"elementor-column elementor-col-100 elementor-top-column elementor-element elementor-element-c40f024\" data-id=\"c40f024\" data-element_type=\"column\" data-e-type=\"column\">\n\t\t\t<div class=\"elementor-widget-wrap elementor-element-populated\">\n\t\t\t\t\t\t<section class=\"elementor-section elementor-inner-section elementor-element elementor-element-9bd0176 elementor-section-content-middle elementor-section-boxed elementor-section-height-default elementor-section-height-default\" data-id=\"9bd0176\" data-element_type=\"section\" data-e-type=\"section\">\n\t\t\t\t\t\t<div class=\"elementor-container elementor-column-gap-default\">\n\t\t\t\t\t<div class=\"elementor-column elementor-col-33 elementor-inner-column elementor-element elementor-element-ae4fd9b\" data-id=\"ae4fd9b\" data-element_type=\"column\" data-e-type=\"column\" data-settings=\"{&quot;background_background&quot;:&quot;classic&quot;}\">\n\t\t\t<div class=\"elementor-widget-wrap elementor-element-populated\">\n\t\t\t\t\t\t<div class=\"elementor-element elementor-element-aa85d73 elementor-widget elementor-widget-image\" data-id=\"aa85d73\" data-element_type=\"widget\" data-e-type=\"widget\" data-widget_type=\"image.default\">\n\t\t\t\t<div class=\"elementor-widget-container\">\n\t\t\t\t\t\t\t\t\t\t\t\t\t\t\t\t<a href=\"https:\/\/www.avantis.edu.es\/ca\">\n\t\t\t\t\t\t\t<img decoding=\"async\" width=\"300\" height=\"97\" src=\"https:\/\/avantis.edu.es\/wp-content\/uploads\/2021\/07\/Avantis_logo-300x97.png\" class=\"attachment-medium size-medium wp-image-1982\" alt=\"Logo Avantis\" srcset=\"https:\/\/avantis.edu.es\/wp-content\/uploads\/2021\/07\/Avantis_logo-300x97.png 300w, https:\/\/avantis.edu.es\/wp-content\/uploads\/2021\/07\/Avantis_logo-1024x333.png 1024w, https:\/\/avantis.edu.es\/wp-content\/uploads\/2021\/07\/Avantis_logo-768x250.png 768w, https:\/\/avantis.edu.es\/wp-content\/uploads\/2021\/07\/Avantis_logo-1536x499.png 1536w, https:\/\/avantis.edu.es\/wp-content\/uploads\/2021\/07\/Avantis_logo.png 1945w\" sizes=\"(max-width: 300px) 100vw, 300px\" loading=\"lazy\" \/>\t\t\t\t\t\t\t\t<\/a>\n\t\t\t\t\t\t\t\t\t\t\t\t\t\t\t<\/div>\n\t\t\t\t<\/div>\n\t\t\t\t\t<\/div>\n\t\t<\/div>\n\t\t\t\t<div class=\"elementor-column elementor-col-33 elementor-inner-column elementor-element elementor-element-e4a4bbc\" data-id=\"e4a4bbc\" data-element_type=\"column\" data-e-type=\"column\" data-settings=\"{&quot;background_background&quot;:&quot;classic&quot;}\">\n\t\t\t<div class=\"elementor-widget-wrap elementor-element-populated\">\n\t\t\t\t\t\t<div class=\"elementor-element elementor-element-f7659d7 elementor-widget elementor-widget-image\" data-id=\"f7659d7\" data-element_type=\"widget\" data-e-type=\"widget\" data-widget_type=\"image.default\">\n\t\t\t\t<div class=\"elementor-widget-container\">\n\t\t\t\t\t\t\t\t\t\t\t\t\t\t\t\t<a href=\"https:\/\/pineda.es\/es\/\">\n\t\t\t\t\t\t\t<img decoding=\"async\" width=\"300\" height=\"111\" src=\"https:\/\/avantis.edu.es\/wp-content\/uploads\/2021\/07\/Recurso-1LOGO-PINEDA-300x111.png\" class=\"attachment-medium size-medium wp-image-1912\" alt=\"\" srcset=\"https:\/\/avantis.edu.es\/wp-content\/uploads\/2021\/07\/Recurso-1LOGO-PINEDA-300x111.png 300w, https:\/\/avantis.edu.es\/wp-content\/uploads\/2021\/07\/Recurso-1LOGO-PINEDA.png 735w\" sizes=\"(max-width: 300px) 100vw, 300px\" loading=\"lazy\" \/>\t\t\t\t\t\t\t\t<\/a>\n\t\t\t\t\t\t\t\t\t\t\t\t\t\t\t<\/div>\n\t\t\t\t<\/div>\n\t\t\t\t\t<\/div>\n\t\t<\/div>\n\t\t\t\t<div class=\"elementor-column elementor-col-33 elementor-inner-column elementor-element elementor-element-47f8a6a\" data-id=\"47f8a6a\" data-element_type=\"column\" data-e-type=\"column\" data-settings=\"{&quot;background_background&quot;:&quot;classic&quot;}\">\n\t\t\t<div class=\"elementor-widget-wrap elementor-element-populated\">\n\t\t\t\t\t\t<div class=\"elementor-element elementor-element-1f28c95 elementor-widget elementor-widget-image\" data-id=\"1f28c95\" data-element_type=\"widget\" data-e-type=\"widget\" data-widget_type=\"image.default\">\n\t\t\t\t<div class=\"elementor-widget-container\">\n\t\t\t\t\t\t\t\t\t\t\t\t\t\t\t\t<a href=\"https:\/\/www.xaloc.org\/ca\/index.htm\">\n\t\t\t\t\t\t\t<img decoding=\"async\" width=\"300\" height=\"90\" src=\"https:\/\/avantis.edu.es\/wp-content\/uploads\/2021\/07\/Recurso-1LOGO-XALOC-300x90.png\" class=\"attachment-medium size-medium wp-image-1948\" alt=\"\" srcset=\"https:\/\/avantis.edu.es\/wp-content\/uploads\/2021\/07\/Recurso-1LOGO-XALOC-300x90.png 300w, https:\/\/avantis.edu.es\/wp-content\/uploads\/2021\/07\/Recurso-1LOGO-XALOC-1024x309.png 1024w, https:\/\/avantis.edu.es\/wp-content\/uploads\/2021\/07\/Recurso-1LOGO-XALOC-768x232.png 768w, https:\/\/avantis.edu.es\/wp-content\/uploads\/2021\/07\/Recurso-1LOGO-XALOC-1536x463.png 1536w, https:\/\/avantis.edu.es\/wp-content\/uploads\/2021\/07\/Recurso-1LOGO-XALOC-2048x618.png 2048w\" sizes=\"(max-width: 300px) 100vw, 300px\" loading=\"lazy\" \/>\t\t\t\t\t\t\t\t<\/a>\n\t\t\t\t\t\t\t\t\t\t\t\t\t\t\t<\/div>\n\t\t\t\t<\/div>\n\t\t\t\t\t<\/div>\n\t\t<\/div>\n\t\t\t\t\t<\/div>\n\t\t<\/section>\n\t\t\t\t<div class=\"elementor-element elementor-element-91f39f9 elementor-widget elementor-widget-spacer\" data-id=\"91f39f9\" data-element_type=\"widget\" data-e-type=\"widget\" data-widget_type=\"spacer.default\">\n\t\t\t\t<div class=\"elementor-widget-container\">\n\t\t\t\t\t\t\t<div class=\"elementor-spacer\">\n\t\t\t<div class=\"elementor-spacer-inner\"><\/div>\n\t\t<\/div>\n\t\t\t\t\t\t<\/div>\n\t\t\t\t<\/div>\n\t\t\t\t\t<\/div>\n\t\t<\/div>\n\t\t\t\t\t<\/div>\n\t\t<\/section>\n\t\t\t\t<\/div>\n\t\t","protected":false},"excerpt":{"rendered":"<p>LIBROS Y MATERIAL ESCOLAR Le comunicamos que este curso 23-24, los libros de texto y el material escolar de los alumnos de I-3, I-4 e I-5 estar\u00e1n incluidos en el recibo de material colectivo. Por tanto, no se deber\u00e1 realizar ning\u00fan pedido ni de libros ni de material escolar a nuestro proveedor oficial Abacus. Todo [&hellip;]<\/p>\n","protected":false},"author":2,"featured_media":2057,"parent":0,"menu_order":0,"comment_status":"closed","ping_status":"closed","template":"elementor_header_footer","meta":{"powered_cache_disable_cache":false,"powered_cache_disable_js_defer":false,"powered_cache_disable_js_delay":false,"footnotes":""},"class_list":["post-3068","page","type-page","status-publish","has-post-thumbnail","hentry"],"yoast_head":"<!-- This site is optimized with the Yoast SEO plugin v28.3 - https:\/\/yoast.com\/product\/yoast-seo-wordpress\/ -->\n<title>Libros y material escolar - Avantis<\/title>\n<meta name=\"description\" content=\"Este curso, los libros y material escolar de los alumnos de I3, I-4 y I-5 estar\u00e1n incluidos en el recibo de material colectivo.\" \/>\n<meta name=\"robots\" content=\"index, follow, max-snippet:-1, max-image-preview:large, max-video-preview:-1\" \/>\n<link rel=\"canonical\" href=\"https:\/\/avantis.edu.es\/es\/libros-y-material-escolar\/\" \/>\n<meta property=\"og:locale\" content=\"es_ES\" \/>\n<meta property=\"og:type\" content=\"article\" \/>\n<meta property=\"og:title\" content=\"Libros y material escolar - Avantis\" \/>\n<meta property=\"og:description\" content=\"Este curso, los libros y material escolar de los alumnos de I3, I-4 y I-5 estar\u00e1n incluidos en el recibo de material colectivo.\" \/>\n<meta property=\"og:url\" content=\"https:\/\/avantis.edu.es\/es\/libros-y-material-escolar\/\" \/>\n<meta property=\"og:site_name\" content=\"Avantis\" \/>\n<meta property=\"article:modified_time\" content=\"2026-08-12T18:15:39+00:00\" \/>\n<meta property=\"og:image\" content=\"https:\/\/avantis.edu.es\/wp-content\/uploads\/2021\/07\/Captura-de-pantalla-2021-07-22-a-las-13.56.39.png\" \/>\n\t<meta property=\"og:image:width\" content=\"536\" \/>\n\t<meta property=\"og:image:height\" content=\"321\" \/>\n\t<meta property=\"og:image:type\" content=\"image\/png\" \/>\n<meta name=\"twitter:card\" content=\"summary_large_image\" \/>\n<meta name=\"twitter:label1\" content=\"Tiempo de lectura\" \/>\n\t<meta name=\"twitter:data1\" content=\"2 minutos\" \/>\n<script type=\"application\/ld+json\" class=\"yoast-schema-graph\">{\"@context\":\"https:\\\/\\\/schema.org\",\"@graph\":[{\"@type\":\"WebPage\",\"@id\":\"https:\\\/\\\/avantis.edu.es\\\/es\\\/libros-y-material-escolar\\\/\",\"url\":\"https:\\\/\\\/avantis.edu.es\\\/es\\\/libros-y-material-escolar\\\/\",\"name\":\"Libros y material escolar - Avantis\",\"isPartOf\":{\"@id\":\"https:\\\/\\\/avantis.edu.es\\\/es\\\/#website\"},\"primaryImageOfPage\":{\"@id\":\"https:\\\/\\\/avantis.edu.es\\\/es\\\/libros-y-material-escolar\\\/#primaryimage\"},\"image\":{\"@id\":\"https:\\\/\\\/avantis.edu.es\\\/es\\\/libros-y-material-escolar\\\/#primaryimage\"},\"thumbnailUrl\":\"https:\\\/\\\/avantis.edu.es\\\/wp-content\\\/uploads\\\/2021\\\/07\\\/Captura-de-pantalla-2021-07-22-a-las-13.56.39.png\",\"datePublished\":\"2022-01-24T10:43:44+00:00\",\"dateModified\":\"2026-08-12T18:15:39+00:00\",\"description\":\"Este curso, los libros y material escolar de los alumnos de I3, I-4 y I-5 estar\u00e1n incluidos en el recibo de material colectivo.\",\"breadcrumb\":{\"@id\":\"https:\\\/\\\/avantis.edu.es\\\/es\\\/libros-y-material-escolar\\\/#breadcrumb\"},\"inLanguage\":\"es\",\"potentialAction\":[{\"@type\":\"ReadAction\",\"target\":[\"https:\\\/\\\/avantis.edu.es\\\/es\\\/libros-y-material-escolar\\\/\"]}]},{\"@type\":\"ImageObject\",\"inLanguage\":\"es\",\"@id\":\"https:\\\/\\\/avantis.edu.es\\\/es\\\/libros-y-material-escolar\\\/#primaryimage\",\"url\":\"https:\\\/\\\/avantis.edu.es\\\/wp-content\\\/uploads\\\/2021\\\/07\\\/Captura-de-pantalla-2021-07-22-a-las-13.56.39.png\",\"contentUrl\":\"https:\\\/\\\/avantis.edu.es\\\/wp-content\\\/uploads\\\/2021\\\/07\\\/Captura-de-pantalla-2021-07-22-a-las-13.56.39.png\",\"width\":536,\"height\":321,\"caption\":\"Llibres\"},{\"@type\":\"BreadcrumbList\",\"@id\":\"https:\\\/\\\/avantis.edu.es\\\/es\\\/libros-y-material-escolar\\\/#breadcrumb\",\"itemListElement\":[{\"@type\":\"ListItem\",\"position\":1,\"name\":\"Portada\",\"item\":\"https:\\\/\\\/avantis.edu.es\\\/es\\\/elementor-2263\\\/\"},{\"@type\":\"ListItem\",\"position\":2,\"name\":\"Libros y material escolar\"}]},{\"@type\":\"WebSite\",\"@id\":\"https:\\\/\\\/avantis.edu.es\\\/es\\\/#website\",\"url\":\"https:\\\/\\\/avantis.edu.es\\\/es\\\/\",\"name\":\"Avantis\",\"description\":\"ESCOLA CONCERTADA per la Generalitat de Catalunya\",\"publisher\":{\"@id\":\"https:\\\/\\\/avantis.edu.es\\\/es\\\/#organization\"},\"potentialAction\":[{\"@type\":\"SearchAction\",\"target\":{\"@type\":\"EntryPoint\",\"urlTemplate\":\"https:\\\/\\\/avantis.edu.es\\\/es\\\/?s={search_term_string}\"},\"query-input\":{\"@type\":\"PropertyValueSpecification\",\"valueRequired\":true,\"valueName\":\"search_term_string\"}}],\"inLanguage\":\"es\"},{\"@type\":\"Organization\",\"@id\":\"https:\\\/\\\/avantis.edu.es\\\/es\\\/#organization\",\"name\":\"Avantis\",\"url\":\"https:\\\/\\\/avantis.edu.es\\\/es\\\/\",\"logo\":{\"@type\":\"ImageObject\",\"inLanguage\":\"es\",\"@id\":\"https:\\\/\\\/avantis.edu.es\\\/es\\\/#\\\/schema\\\/logo\\\/image\\\/\",\"url\":\"https:\\\/\\\/avantis.edu.es\\\/wp-content\\\/uploads\\\/2021\\\/07\\\/Recurso-2pago-seguro-1.png\",\"contentUrl\":\"https:\\\/\\\/avantis.edu.es\\\/wp-content\\\/uploads\\\/2021\\\/07\\\/Recurso-2pago-seguro-1.png\",\"width\":1366,\"height\":404,\"caption\":\"Avantis\"},\"image\":{\"@id\":\"https:\\\/\\\/avantis.edu.es\\\/es\\\/#\\\/schema\\\/logo\\\/image\\\/\"}}]}<\/script>\n<!-- \/ Yoast SEO plugin. -->","yoast_head_json":{"title":"Libros y material escolar - Avantis","description":"Este curso, los libros y material escolar de los alumnos de I3, I-4 y I-5 estar\u00e1n incluidos en el recibo de material colectivo.","robots":{"index":"index","follow":"follow","max-snippet":"max-snippet:-1","max-image-preview":"max-image-preview:large","max-video-preview":"max-video-preview:-1"},"canonical":"https:\/\/avantis.edu.es\/es\/libros-y-material-escolar\/","og_locale":"es_ES","og_type":"article","og_title":"Libros y material escolar - Avantis","og_description":"Este curso, los libros y material escolar de los alumnos de I3, I-4 y I-5 estar\u00e1n incluidos en el recibo de material colectivo.","og_url":"https:\/\/avantis.edu.es\/es\/libros-y-material-escolar\/","og_site_name":"Avantis","article_modified_time":"2026-08-12T18:15:39+00:00","og_image":[{"width":536,"height":321,"url":"https:\/\/avantis.edu.es\/wp-content\/uploads\/2021\/07\/Captura-de-pantalla-2021-07-22-a-las-13.56.39.png","type":"image\/png"}],"twitter_card":"summary_large_image","twitter_misc":{"Tiempo de lectura":"2 minutos"},"schema":{"@context":"https:\/\/schema.org","@graph":[{"@type":"WebPage","@id":"https:\/\/avantis.edu.es\/es\/libros-y-material-escolar\/","url":"https:\/\/avantis.edu.es\/es\/libros-y-material-escolar\/","name":"Libros y material escolar - Avantis","isPartOf":{"@id":"https:\/\/avantis.edu.es\/es\/#website"},"primaryImageOfPage":{"@id":"https:\/\/avantis.edu.es\/es\/libros-y-material-escolar\/#primaryimage"},"image":{"@id":"https:\/\/avantis.edu.es\/es\/libros-y-material-escolar\/#primaryimage"},"thumbnailUrl":"https:\/\/avantis.edu.es\/wp-content\/uploads\/2021\/07\/Captura-de-pantalla-2021-07-22-a-las-13.56.39.png","datePublished":"2022-01-24T10:43:44+00:00","dateModified":"2026-08-12T18:15:39+00:00","description":"Este curso, los libros y material escolar de los alumnos de I3, I-4 y I-5 estar\u00e1n incluidos en el recibo de material colectivo.","breadcrumb":{"@id":"https:\/\/avantis.edu.es\/es\/libros-y-material-escolar\/#breadcrumb"},"inLanguage":"es","potentialAction":[{"@type":"ReadAction","target":["https:\/\/avantis.edu.es\/es\/libros-y-material-escolar\/"]}]},{"@type":"ImageObject","inLanguage":"es","@id":"https:\/\/avantis.edu.es\/es\/libros-y-material-escolar\/#primaryimage","url":"https:\/\/avantis.edu.es\/wp-content\/uploads\/2021\/07\/Captura-de-pantalla-2021-07-22-a-las-13.56.39.png","contentUrl":"https:\/\/avantis.edu.es\/wp-content\/uploads\/2021\/07\/Captura-de-pantalla-2021-07-22-a-las-13.56.39.png","width":536,"height":321,"caption":"Llibres"},{"@type":"BreadcrumbList","@id":"https:\/\/avantis.edu.es\/es\/libros-y-material-escolar\/#breadcrumb","itemListElement":[{"@type":"ListItem","position":1,"name":"Portada","item":"https:\/\/avantis.edu.es\/es\/elementor-2263\/"},{"@type":"ListItem","position":2,"name":"Libros y material escolar"}]},{"@type":"WebSite","@id":"https:\/\/avantis.edu.es\/es\/#website","url":"https:\/\/avantis.edu.es\/es\/","name":"Avantis","description":"ESCOLA CONCERTADA per la Generalitat de Catalunya","publisher":{"@id":"https:\/\/avantis.edu.es\/es\/#organization"},"potentialAction":[{"@type":"SearchAction","target":{"@type":"EntryPoint","urlTemplate":"https:\/\/avantis.edu.es\/es\/?s={search_term_string}"},"query-input":{"@type":"PropertyValueSpecification","valueRequired":true,"valueName":"search_term_string"}}],"inLanguage":"es"},{"@type":"Organization","@id":"https:\/\/avantis.edu.es\/es\/#organization","name":"Avantis","url":"https:\/\/avantis.edu.es\/es\/","logo":{"@type":"ImageObject","inLanguage":"es","@id":"https:\/\/avantis.edu.es\/es\/#\/schema\/logo\/image\/","url":"https:\/\/avantis.edu.es\/wp-content\/uploads\/2021\/07\/Recurso-2pago-seguro-1.png","contentUrl":"https:\/\/avantis.edu.es\/wp-content\/uploads\/2021\/07\/Recurso-2pago-seguro-1.png","width":1366,"height":404,"caption":"Avantis"},"image":{"@id":"https:\/\/avantis.edu.es\/es\/#\/schema\/logo\/image\/"}}]}},"_links":{"self":[{"href":"https:\/\/avantis.edu.es\/es\/wp-json\/wp\/v2\/pages\/3068","targetHints":{"allow":["GET"]}}],"collection":[{"href":"https:\/\/avantis.edu.es\/es\/wp-json\/wp\/v2\/pages"}],"about":[{"href":"https:\/\/avantis.edu.es\/es\/wp-json\/wp\/v2\/types\/page"}],"author":[{"embeddable":true,"href":"https:\/\/avantis.edu.es\/es\/wp-json\/wp\/v2\/users\/2"}],"replies":[{"embeddable":true,"href":"https:\/\/avantis.edu.es\/es\/wp-json\/wp\/v2\/comments?post=3068"}],"version-history":[{"count":3,"href":"https:\/\/avantis.edu.es\/es\/wp-json\/wp\/v2\/pages\/3068\/revisions"}],"predecessor-version":[{"id":23443,"href":"https:\/\/avantis.edu.es\/es\/wp-json\/wp\/v2\/pages\/3068\/revisions\/23443"}],"wp:featuredmedia":[{"embeddable":true,"href":"https:\/\/avantis.edu.es\/es\/wp-json\/wp\/v2\/media\/2057"}],"wp:attachment":[{"href":"https:\/\/avantis.edu.es\/es\/wp-json\/wp\/v2\/media?parent=3068"}],"curies":[{"name":"wp","href":"https:\/\/api.w.org\/{rel}","templated":true}]}}