{"id":4422,"date":"2022-02-04T13:33:28","date_gmt":"2022-02-04T12:33:28","guid":{"rendered":"https:\/\/www.niunapalabraanadie.com\/avantis\/calendario-2\/"},"modified":"2026-08-28T11:26:22","modified_gmt":"2026-08-28T09:26:22","slug":"calendarioavantis","status":"publish","type":"page","link":"https:\/\/avantis.edu.es\/es\/calendarioavantis\/","title":{"rendered":"Calendario"},"content":{"rendered":"\t\t<div data-elementor-type=\"wp-page\" data-elementor-id=\"4422\" class=\"elementor elementor-4422 elementor-4133\" data-elementor-post-type=\"page\">\n\t\t\t\t\t\t<section class=\"elementor-section elementor-top-section elementor-element elementor-element-fa41712 elementor-section-full_width elementor-section-height-default elementor-section-height-default\" data-id=\"fa41712\" data-element_type=\"section\" data-e-type=\"section\">\n\t\t\t\t\t\t<div class=\"elementor-container elementor-column-gap-no\">\n\t\t\t\t\t<div class=\"elementor-column elementor-col-100 elementor-top-column elementor-element elementor-element-6e7f1fd\" data-id=\"6e7f1fd\" data-element_type=\"column\" data-e-type=\"column\">\n\t\t\t<div class=\"elementor-widget-wrap elementor-element-populated\">\n\t\t\t\t\t\t<div class=\"elementor-element elementor-element-e6be2c3 elementor--h-position-center elementor--v-position-middle elementor-widget elementor-widget-slides\" data-id=\"e6be2c3\" data-element_type=\"widget\" data-e-type=\"widget\" data-settings=\"{&quot;navigation&quot;:&quot;none&quot;,&quot;transition&quot;:&quot;slide&quot;,&quot;transition_speed&quot;:500}\" data-widget_type=\"slides.default\">\n\t\t\t\t<div class=\"elementor-widget-container\">\n\t\t\t\t\t\t\t\t\t<div class=\"elementor-swiper\">\n\t\t\t\t\t<div class=\"elementor-slides-wrapper elementor-main-swiper swiper\" role=\"region\" aria-roledescription=\"carousel\" aria-label=\"Diapositives\" dir=\"ltr\" data-animation=\"\">\n\t\t\t\t<div class=\"swiper-wrapper elementor-slides\">\n\t\t\t\t\t\t\t\t\t\t<div class=\"elementor-repeater-item-8bc8c26 swiper-slide\" role=\"group\" aria-roledescription=\"slide\"><div class=\"swiper-slide-bg\" role=\"img\" aria-label=\"calendari\"><\/div><div class=\"elementor-background-overlay\"><\/div><div class=\"swiper-slide-inner\" ><div class=\"swiper-slide-contents\"><h1 class=\"elementor-slide-heading\">CALENDARIO<\/h1><\/div><\/div><\/div>\t\t\t\t<\/div>\n\t\t\t\t\t\t\t<\/div>\n\t\t\t\t<\/div>\n\t\t\t\t\t\t\t\t<\/div>\n\t\t\t\t<\/div>\n\t\t\t\t\t<\/div>\n\t\t<\/div>\n\t\t\t\t\t<\/div>\n\t\t<\/section>\n\t\t\t\t<section class=\"elementor-section elementor-top-section elementor-element elementor-element-84022e9 elementor-section-boxed elementor-section-height-default elementor-section-height-default\" data-id=\"84022e9\" data-element_type=\"section\" data-e-type=\"section\">\n\t\t\t\t\t\t<div class=\"elementor-container elementor-column-gap-default\">\n\t\t\t\t\t<div class=\"elementor-column elementor-col-100 elementor-top-column elementor-element elementor-element-3847066\" data-id=\"3847066\" data-element_type=\"column\" data-e-type=\"column\">\n\t\t\t<div class=\"elementor-widget-wrap elementor-element-populated\">\n\t\t\t\t\t\t<div class=\"elementor-element elementor-element-d077249 elementor-widget elementor-widget-spacer\" data-id=\"d077249\" data-element_type=\"widget\" data-e-type=\"widget\" data-widget_type=\"spacer.default\">\n\t\t\t\t<div class=\"elementor-widget-container\">\n\t\t\t\t\t\t\t<div class=\"elementor-spacer\">\n\t\t\t<div class=\"elementor-spacer-inner\"><\/div>\n\t\t<\/div>\n\t\t\t\t\t\t<\/div>\n\t\t\t\t<\/div>\n\t\t\t\t\t<\/div>\n\t\t<\/div>\n\t\t\t\t\t<\/div>\n\t\t<\/section>\n\t\t\t\t<section class=\"elementor-section elementor-top-section elementor-element elementor-element-e2e6813 elementor-section-boxed elementor-section-height-default elementor-section-height-default\" data-id=\"e2e6813\" data-element_type=\"section\" data-e-type=\"section\" data-settings=\"{&quot;background_background&quot;:&quot;classic&quot;}\">\n\t\t\t\t\t\t<div class=\"elementor-container elementor-column-gap-default\">\n\t\t\t\t\t<div class=\"elementor-column elementor-col-100 elementor-top-column elementor-element elementor-element-dfdbed1\" data-id=\"dfdbed1\" data-element_type=\"column\" data-e-type=\"column\">\n\t\t\t<div class=\"elementor-widget-wrap elementor-element-populated\">\n\t\t\t\t\t\t<div class=\"elementor-element elementor-element-49a4c8c elementor-headline--style-highlight elementor-widget elementor-widget-animated-headline\" data-id=\"49a4c8c\" data-element_type=\"widget\" data-e-type=\"widget\" data-settings=\"{&quot;marker&quot;:&quot;underline&quot;,&quot;highlighted_text&quot;:&quot;Mantente siempre al d\\u00eda&quot;,&quot;highlight_animation_duration&quot;:1266,&quot;highlight_iteration_delay&quot;:7934,&quot;headline_style&quot;:&quot;highlight&quot;,&quot;loop&quot;:&quot;yes&quot;}\" data-widget_type=\"animated-headline.default\">\n\t\t\t\t<div class=\"elementor-widget-container\">\n\t\t\t\t\t\t\t<h2 class=\"elementor-headline\">\n\t\t\t\t<span class=\"elementor-headline-dynamic-wrapper elementor-headline-text-wrapper\">\n\t\t\t\t\t<span class=\"elementor-headline-dynamic-text elementor-headline-text-active\">Mantente siempre al d\u00eda<\/span>\n\t\t\t\t<\/span>\n\t\t\t\t<\/h2>\n\t\t\t\t\t\t<\/div>\n\t\t\t\t<\/div>\n\t\t\t\t\t<\/div>\n\t\t<\/div>\n\t\t\t\t\t<\/div>\n\t\t<\/section>\n\t\t\t\t<section class=\"elementor-section elementor-top-section elementor-element elementor-element-ba3a57f elementor-section-boxed elementor-section-height-default elementor-section-height-default\" data-id=\"ba3a57f\" data-element_type=\"section\" data-e-type=\"section\" data-settings=\"{&quot;background_background&quot;:&quot;classic&quot;}\">\n\t\t\t\t\t\t<div class=\"elementor-container elementor-column-gap-default\">\n\t\t\t\t\t<div class=\"elementor-column elementor-col-100 elementor-top-column elementor-element elementor-element-5e0948d\" data-id=\"5e0948d\" data-element_type=\"column\" data-e-type=\"column\">\n\t\t\t<div class=\"elementor-widget-wrap elementor-element-populated\">\n\t\t\t\t\t\t<div class=\"elementor-element elementor-element-93e2457 elementor-widget elementor-widget-spacer\" data-id=\"93e2457\" data-element_type=\"widget\" data-e-type=\"widget\" data-widget_type=\"spacer.default\">\n\t\t\t\t<div class=\"elementor-widget-container\">\n\t\t\t\t\t\t\t<div class=\"elementor-spacer\">\n\t\t\t<div class=\"elementor-spacer-inner\"><\/div>\n\t\t<\/div>\n\t\t\t\t\t\t<\/div>\n\t\t\t\t<\/div>\n\t\t\t\t<div class=\"elementor-element elementor-element-2fd3d74 elementor-widget elementor-widget-MEC\" data-id=\"2fd3d74\" data-element_type=\"widget\" data-e-type=\"widget\" data-widget_type=\"MEC.default\">\n\t\t\t\t<div class=\"elementor-widget-container\">\n\t\t\t\t\t<div id=\"mec_skin_4132\" class=\"mec-wrap colorskin-custom  \">\r\n    \r\n        \r\n    <div class=\"mec-calendar \">\r\n        <div class=\"mec-calendar-topsec\">        <div class=\"mec-calendar-side mec-clear\">\r\n                        <div class=\"mec-skin-monthly-view-month-navigator-container\">\r\n                <div class=\"mec-month-navigator\" id=\"mec_month_navigator_4132_202609\"><div class=\"mec-previous-month mec-load-month mec-previous-month\" data-mec-year=\"2026\" data-mec-month=\"08\"><a href=\"#\" class=\"mec-load-month-link\"><i class=\"mec-sl-angle-left\"><\/i> agosto<\/a><\/div><div class=\"mec-calendar-header\"><h2>septiembre 2026<\/h2><\/div><div class=\"mec-next-month mec-load-month mec-next-month\" data-mec-year=\"2026\" data-mec-month=\"10\"><a href=\"#\" class=\"mec-load-month-link\">octubre <i class=\"mec-sl-angle-right\"><\/i><\/a><\/div><\/div>\r\n            <\/div>\r\n            \r\n            <div class=\"mec-calendar-table\" id=\"mec_skin_events_4132\">\r\n                <div class=\"mec-month-container mec-month-container-selected\" id=\"mec_monthly_view_month_4132_202609\" data-month-id=\"202609\"><dl class=\"mec-calendar-table-head\"><dt class=\"mec-calendar-day-head\">LU<\/dt><dt class=\"mec-calendar-day-head\">MA<\/dt><dt class=\"mec-calendar-day-head\">MI<\/dt><dt class=\"mec-calendar-day-head\">JU<\/dt><dt class=\"mec-calendar-day-head\">VI<\/dt><dt class=\"mec-calendar-day-head\">SA<\/dt><dt class=\"mec-calendar-day-head\">DO<\/dt><\/dl><dl class=\"mec-calendar-row\">\r\n    <dt class=\"mec-table-nullday\">31<\/dt><dt class=\"mec-calendar-day mec-has-event\" data-mec-cell=\"20260901\" data-day=\"1\" data-month=\"202609\"><a href=\"#\" class=\"mec-has-event-a\">1<\/a><\/dt><\/dt><dt class=\"mec-calendar-day mec-has-event\" data-mec-cell=\"20260902\" data-day=\"2\" data-month=\"202609\"><a href=\"#\" class=\"mec-has-event-a\">2<\/a><\/dt><\/dt><dt class=\"mec-calendar-day mec-has-event mec-selected-day\" data-mec-cell=\"20260903\" data-day=\"3\" data-month=\"202609\"><a href=\"#\" class=\"mec-has-event-a\">3<\/a><\/dt><\/dt><dt class=\"mec-calendar-day\" data-mec-cell=\"20260904\" data-day=\"4\" data-month=\"202609\">4<\/dt><\/dt><dt class=\"mec-calendar-day\" data-mec-cell=\"20260905\" data-day=\"5\" data-month=\"202609\">5<\/dt><\/dt><dt class=\"mec-calendar-day\" data-mec-cell=\"20260906\" data-day=\"6\" data-month=\"202609\">6<\/dt><\/dt><\/dl><dl class=\"mec-calendar-row\"><dt class=\"mec-calendar-day mec-has-event\" data-mec-cell=\"20260907\" data-day=\"7\" data-month=\"202609\"><a href=\"#\" class=\"mec-has-event-a\">7<\/a><\/dt><\/dt><dt class=\"mec-calendar-day mec-has-event\" data-mec-cell=\"20260908\" data-day=\"8\" data-month=\"202609\"><a href=\"#\" class=\"mec-has-event-a\">8<\/a><\/dt><\/dt><dt class=\"mec-calendar-day mec-has-event\" data-mec-cell=\"20260909\" data-day=\"9\" data-month=\"202609\"><a href=\"#\" class=\"mec-has-event-a\">9<\/a><\/dt><\/dt><dt class=\"mec-calendar-day\" data-mec-cell=\"20260910\" data-day=\"10\" data-month=\"202609\">10<\/dt><\/dt><dt class=\"mec-calendar-day mec-has-event\" data-mec-cell=\"20260911\" data-day=\"11\" data-month=\"202609\"><a href=\"#\" class=\"mec-has-event-a\">11<\/a><\/dt><\/dt><dt class=\"mec-calendar-day\" data-mec-cell=\"20260912\" data-day=\"12\" data-month=\"202609\">12<\/dt><\/dt><dt class=\"mec-calendar-day\" data-mec-cell=\"20260913\" data-day=\"13\" data-month=\"202609\">13<\/dt><\/dt><\/dl><dl class=\"mec-calendar-row\"><dt class=\"mec-calendar-day\" data-mec-cell=\"20260914\" data-day=\"14\" data-month=\"202609\">14<\/dt><\/dt><dt class=\"mec-calendar-day mec-has-event\" data-mec-cell=\"20260915\" data-day=\"15\" data-month=\"202609\"><a href=\"#\" class=\"mec-has-event-a\">15<\/a><\/dt><\/dt><dt class=\"mec-calendar-day mec-has-event\" data-mec-cell=\"20260916\" data-day=\"16\" data-month=\"202609\"><a href=\"#\" class=\"mec-has-event-a\">16<\/a><\/dt><\/dt><dt class=\"mec-calendar-day\" data-mec-cell=\"20260917\" data-day=\"17\" data-month=\"202609\">17<\/dt><\/dt><dt class=\"mec-calendar-day\" data-mec-cell=\"20260918\" data-day=\"18\" data-month=\"202609\">18<\/dt><\/dt><dt class=\"mec-calendar-day\" data-mec-cell=\"20260919\" data-day=\"19\" data-month=\"202609\">19<\/dt><\/dt><dt class=\"mec-calendar-day\" data-mec-cell=\"20260920\" data-day=\"20\" data-month=\"202609\">20<\/dt><\/dt><\/dl><dl class=\"mec-calendar-row\"><dt class=\"mec-calendar-day\" data-mec-cell=\"20260921\" data-day=\"21\" data-month=\"202609\">21<\/dt><\/dt><dt class=\"mec-calendar-day\" data-mec-cell=\"20260922\" data-day=\"22\" data-month=\"202609\">22<\/dt><\/dt><dt class=\"mec-calendar-day\" data-mec-cell=\"20260923\" data-day=\"23\" data-month=\"202609\">23<\/dt><\/dt><dt class=\"mec-calendar-day mec-has-event\" data-mec-cell=\"20260924\" data-day=\"24\" data-month=\"202609\"><a href=\"#\" class=\"mec-has-event-a\">24<\/a><\/dt><\/dt><dt class=\"mec-calendar-day\" data-mec-cell=\"20260925\" data-day=\"25\" data-month=\"202609\">25<\/dt><\/dt><dt class=\"mec-calendar-day\" data-mec-cell=\"20260926\" data-day=\"26\" data-month=\"202609\">26<\/dt><\/dt><dt class=\"mec-calendar-day\" data-mec-cell=\"20260927\" data-day=\"27\" data-month=\"202609\">27<\/dt><\/dt><\/dl><dl class=\"mec-calendar-row\"><dt class=\"mec-calendar-day\" data-mec-cell=\"20260928\" data-day=\"28\" data-month=\"202609\">28<\/dt><\/dt><dt class=\"mec-calendar-day\" data-mec-cell=\"20260929\" data-day=\"29\" data-month=\"202609\">29<\/dt><\/dt><dt class=\"mec-calendar-day\" data-mec-cell=\"20260930\" data-day=\"30\" data-month=\"202609\">30<\/dt><\/dt><dt class=\"mec-table-nullday\">1<\/dt><dt class=\"mec-calendar-day mec-has-event\" data-mec-cell=\"20261002\" data-day=\"2\" data-month=\"202609\"><a href=\"#\" class=\"mec-has-event-a\">2<\/a><\/dt><dt class=\"mec-table-nullday\">3<\/dt><dt class=\"mec-table-nullday\">4<\/dt><\/dl>\r\n<\/div>\r\n            <\/div>\r\n        <\/div>\r\n        <div class=\"mec-calendar-events-side mec-clear\"><div class=\"mec-month-side\" id=\"mec_month_side_4132_202609\"><div class=\"mec-calendar-events-sec\" id=\"mec-calendar-events-sec-4132-20260901\" data-mec-cell=\"20260901\" ><h6 class=\"mec-table-side-title\">Eventos de <span class=\"mec-color mec-table-side-day\"> 1st<\/span> septiembre<\/h6>        <script type=\"application\/ld+json\">\r\n        {\r\n            \"@context\": \"http:\/\/schema.org\",\r\n            \"@type\": \"Event\",\r\n            \"eventStatus\": \"https:\/\/schema.org\/EventScheduled\",\r\n            \"startDate\": \"2026-09-01\",\r\n            \"endDate\": \"2026-09-01\",\r\n            \"eventAttendanceMode\": \"https:\/\/schema.org\/OfflineEventAttendanceMode\",\r\n            \"location\":\r\n            {\r\n                \"@type\": \"Place\",\r\n                                \"name\": \"\",\r\n                \"image\": \"\",\r\n                \"address\": \"\"\r\n                            },\r\n            \"organizer\":\r\n            {\r\n                \"@type\": \"Person\",\r\n                \"name\": \"\",\r\n                \"url\": \"\"\r\n            },\r\n            \"offers\":\r\n            {\r\n                \"url\": \"https:\/\/avantis.edu.es\/es\/events\/inicio-1r-ciclo-de-infantil-i0-i1-i2\/\",\r\n                \"price\": \"\",\r\n                \"priceCurrency\": \"USD\",\r\n                \"availability\": \"https:\/\/schema.org\/InStock\",\r\n                \"validFrom\": \"2026-09-01T00:00\"\r\n            },\r\n            \"performer\": \"\",\r\n            \"description\": \"\",\r\n            \"image\": \"\",\r\n            \"name\": \"Inicio 1r Ciclo de Infantil (I0-I1-I2)\",\r\n            \"url\": \"https:\/\/avantis.edu.es\/es\/events\/inicio-1r-ciclo-de-infantil-i0-i1-i2\/\"\r\n        }\r\n        <\/script>\r\n        <article class=\"mec-past-event mec-event-article \"><div class=\"mec-event-image\"><\/div><div class=\"mec-event-time mec-color\"><i class=\"mec-sl-clock-o\"><\/i> Evento de todo el d\u00eda<\/div><h4 class=\"mec-event-title\"><a class=\"mec-color-hover\"  data-event-id=\"22740\" href=\"https:\/\/avantis.edu.es\/es\/events\/inicio-1r-ciclo-de-infantil-i0-i1-i2\/\" target=\"m1\" rel=\"noopener\">Inicio 1r Ciclo de Infantil (I0-I1-I2)<\/a><span class=\"event-color\" style=\"background: #\"><\/span><\/h4><div class=\"mec-event-detail\"><div class=\"mec-event-loc-place\"><\/div><\/div><\/article><\/div><div class=\"mec-calendar-events-sec\" id=\"mec-calendar-events-sec-4132-20260902\" data-mec-cell=\"20260902\" ><h6 class=\"mec-table-side-title\">Eventos de <span class=\"mec-color mec-table-side-day\"> 2nd<\/span> septiembre<\/h6>        <script type=\"application\/ld+json\">\r\n        {\r\n            \"@context\": \"http:\/\/schema.org\",\r\n            \"@type\": \"Event\",\r\n            \"eventStatus\": \"https:\/\/schema.org\/EventScheduled\",\r\n            \"startDate\": \"2026-09-02\",\r\n            \"endDate\": \"2026-09-02\",\r\n            \"eventAttendanceMode\": \"https:\/\/schema.org\/OfflineEventAttendanceMode\",\r\n            \"location\":\r\n            {\r\n                \"@type\": \"Place\",\r\n                                \"name\": \"\",\r\n                \"image\": \"\",\r\n                \"address\": \"\"\r\n                            },\r\n            \"organizer\":\r\n            {\r\n                \"@type\": \"Person\",\r\n                \"name\": \"\",\r\n                \"url\": \"\"\r\n            },\r\n            \"offers\":\r\n            {\r\n                \"url\": \"https:\/\/avantis.edu.es\/es\/events\/reunion-familias-i0-i1-i2\/\",\r\n                \"price\": \"\",\r\n                \"priceCurrency\": \"USD\",\r\n                \"availability\": \"https:\/\/schema.org\/InStock\",\r\n                \"validFrom\": \"2026-09-02T00:00\"\r\n            },\r\n            \"performer\": \"\",\r\n            \"description\": \"\",\r\n            \"image\": \"\",\r\n            \"name\": \"Reuni\u00f3n familias I0-I1-I2\",\r\n            \"url\": \"https:\/\/avantis.edu.es\/es\/events\/reunion-familias-i0-i1-i2\/\"\r\n        }\r\n        <\/script>\r\n        <article class=\"mec-past-event mec-event-article \"><div class=\"mec-event-image\"><\/div><div class=\"mec-event-time mec-color\"><i class=\"mec-sl-clock-o\"><\/i> 19:00 - 20:00<\/div><h4 class=\"mec-event-title\"><a class=\"mec-color-hover\"  data-event-id=\"22741\" href=\"https:\/\/avantis.edu.es\/es\/events\/reunion-familias-i0-i1-i2\/\" target=\"m1\" rel=\"noopener\">Reuni\u00f3n familias I0-I1-I2<\/a><span class=\"event-color\" style=\"background: #\"><\/span><\/h4><div class=\"mec-event-detail\"><div class=\"mec-event-loc-place\"><\/div><\/div><\/article><\/div><div class=\"mec-calendar-events-sec\" id=\"mec-calendar-events-sec-4132-20260903\" data-mec-cell=\"20260903\"  style=\"display: block;\"><h6 class=\"mec-table-side-title\">Eventos de <span class=\"mec-color mec-table-side-day\"> 3rd<\/span> septiembre<\/h6>        <script type=\"application\/ld+json\">\r\n        {\r\n            \"@context\": \"http:\/\/schema.org\",\r\n            \"@type\": \"Event\",\r\n            \"eventStatus\": \"https:\/\/schema.org\/EventScheduled\",\r\n            \"startDate\": \"2026-09-03\",\r\n            \"endDate\": \"2026-09-03\",\r\n            \"eventAttendanceMode\": \"https:\/\/schema.org\/OfflineEventAttendanceMode\",\r\n            \"location\":\r\n            {\r\n                \"@type\": \"Place\",\r\n                                \"name\": \"\",\r\n                \"image\": \"\",\r\n                \"address\": \"\"\r\n                            },\r\n            \"organizer\":\r\n            {\r\n                \"@type\": \"Person\",\r\n                \"name\": \"\",\r\n                \"url\": \"\"\r\n            },\r\n            \"offers\":\r\n            {\r\n                \"url\": \"https:\/\/avantis.edu.es\/es\/events\/reunion-familias-i3\/\",\r\n                \"price\": \"\",\r\n                \"priceCurrency\": \"USD\",\r\n                \"availability\": \"https:\/\/schema.org\/InStock\",\r\n                \"validFrom\": \"2026-09-03T00:00\"\r\n            },\r\n            \"performer\": \"\",\r\n            \"description\": \"&lt;p&gt;&lt;b&gt;Contingut:&lt;\/b&gt; per\u00edode d&#8217;adaptaci\u00f3 i objectius generals del curs.&lt;br \/&gt;&lt;b&gt;Hora&lt;\/b&gt;: 19h&lt;br \/&gt;En acabar, hi haur\u00e0 un sopar tipus pica-pica al qual us demanem que us apunteu en aquest enlla\u00e7. &lt;\/p&gt; &lt;p&gt;&lt;i&gt;&lt;b&gt;Contenido:&lt;\/b&gt; periodo de adaptaci\u00f3n y objetivos generales del curso&lt;\/i&gt;&lt;br \/&gt;&lt;i&gt;&lt;b&gt;Hora:&lt;\/b&gt; 19h&lt;\/i&gt;&lt;br \/&gt;&lt;i&gt;Al acabar, habr\u00e1 una cena tipo pica-pica, a la que os pedimos que os apunt\u00e9is en este enlace.&lt;\/i&gt;&lt;\/p&gt; \",\r\n            \"image\": \"\",\r\n            \"name\": \"Reuni\u00f3n familias I3\",\r\n            \"url\": \"https:\/\/avantis.edu.es\/es\/events\/reunion-familias-i3\/\"\r\n        }\r\n        <\/script>\r\n        <article class=\"mec-event-article \"><div class=\"mec-event-image\"><\/div><div class=\"mec-event-time mec-color\"><i class=\"mec-sl-clock-o\"><\/i> 19:00 - 20:00<\/div><h4 class=\"mec-event-title\"><a class=\"mec-color-hover\"  data-event-id=\"22742\" href=\"https:\/\/avantis.edu.es\/es\/events\/reunion-familias-i3\/\" target=\"m1\" rel=\"noopener\">Reuni\u00f3n familias I3<\/a><span class=\"event-color\" style=\"background: #\"><\/span><\/h4><div class=\"mec-event-detail\"><div class=\"mec-event-loc-place\"><\/div><\/div><\/article><\/div><div class=\"mec-calendar-events-sec\" id=\"mec-calendar-events-sec-4132-20260904\" data-mec-cell=\"20260904\" ><h6 class=\"mec-table-side-title\">Eventos de <span class=\"mec-color mec-table-side-day\"> 4th<\/span> septiembre<\/h6><article class=\"mec-event-article\"><div class=\"mec-event-detail\">Sin eventos<\/div><\/article><\/div><div class=\"mec-calendar-events-sec\" id=\"mec-calendar-events-sec-4132-20260905\" data-mec-cell=\"20260905\" ><h6 class=\"mec-table-side-title\">Eventos de <span class=\"mec-color mec-table-side-day\"> 5th<\/span> septiembre<\/h6><article class=\"mec-event-article\"><div class=\"mec-event-detail\">Sin eventos<\/div><\/article><\/div><div class=\"mec-calendar-events-sec\" id=\"mec-calendar-events-sec-4132-20260906\" data-mec-cell=\"20260906\" ><h6 class=\"mec-table-side-title\">Eventos de <span class=\"mec-color mec-table-side-day\"> 6th<\/span> septiembre<\/h6><article class=\"mec-event-article\"><div class=\"mec-event-detail\">Sin eventos<\/div><\/article><\/div><div class=\"mec-calendar-events-sec\" id=\"mec-calendar-events-sec-4132-20260907\" data-mec-cell=\"20260907\" ><h6 class=\"mec-table-side-title\">Eventos de <span class=\"mec-color mec-table-side-day\"> 7th<\/span> septiembre<\/h6>        <script type=\"application\/ld+json\">\r\n        {\r\n            \"@context\": \"http:\/\/schema.org\",\r\n            \"@type\": \"Event\",\r\n            \"eventStatus\": \"https:\/\/schema.org\/EventScheduled\",\r\n            \"startDate\": \"2026-09-07\",\r\n            \"endDate\": \"2026-09-07\",\r\n            \"eventAttendanceMode\": \"https:\/\/schema.org\/OfflineEventAttendanceMode\",\r\n            \"location\":\r\n            {\r\n                \"@type\": \"Place\",\r\n                                \"name\": \"\",\r\n                \"image\": \"\",\r\n                \"address\": \"\"\r\n                            },\r\n            \"organizer\":\r\n            {\r\n                \"@type\": \"Person\",\r\n                \"name\": \"\",\r\n                \"url\": \"\"\r\n            },\r\n            \"offers\":\r\n            {\r\n                \"url\": \"https:\/\/avantis.edu.es\/es\/events\/reunion-familias-i4-i5-2\/\",\r\n                \"price\": \"\",\r\n                \"priceCurrency\": \"USD\",\r\n                \"availability\": \"https:\/\/schema.org\/InStock\",\r\n                \"validFrom\": \"2026-09-07T00:00\"\r\n            },\r\n            \"performer\": \"\",\r\n            \"description\": \"\",\r\n            \"image\": \"\",\r\n            \"name\": \"Reuni\u00f3n familias I4-I5\",\r\n            \"url\": \"https:\/\/avantis.edu.es\/es\/events\/reunion-familias-i4-i5-2\/\"\r\n        }\r\n        <\/script>\r\n        <article class=\"mec-event-article \"><div class=\"mec-event-image\"><\/div><div class=\"mec-event-time mec-color\"><i class=\"mec-sl-clock-o\"><\/i> 19:00 - 20:00<\/div><h4 class=\"mec-event-title\"><a class=\"mec-color-hover\"  data-event-id=\"22841\" href=\"https:\/\/avantis.edu.es\/es\/events\/reunion-familias-i4-i5-2\/\" target=\"m1\" rel=\"noopener\">Reuni\u00f3n familias I4-I5<\/a><span class=\"event-color\" style=\"background: #\"><\/span><\/h4><div class=\"mec-event-detail\"><div class=\"mec-event-loc-place\"><\/div><\/div><\/article><\/div><div class=\"mec-calendar-events-sec\" id=\"mec-calendar-events-sec-4132-20260908\" data-mec-cell=\"20260908\" ><h6 class=\"mec-table-side-title\">Eventos de <span class=\"mec-color mec-table-side-day\"> 8th<\/span> septiembre<\/h6>        <script type=\"application\/ld+json\">\r\n        {\r\n            \"@context\": \"http:\/\/schema.org\",\r\n            \"@type\": \"Event\",\r\n            \"eventStatus\": \"https:\/\/schema.org\/EventScheduled\",\r\n            \"startDate\": \"2026-09-08\",\r\n            \"endDate\": \"2026-09-08\",\r\n            \"eventAttendanceMode\": \"https:\/\/schema.org\/OfflineEventAttendanceMode\",\r\n            \"location\":\r\n            {\r\n                \"@type\": \"Place\",\r\n                                \"name\": \"\",\r\n                \"image\": \"\",\r\n                \"address\": \"\"\r\n                            },\r\n            \"organizer\":\r\n            {\r\n                \"@type\": \"Person\",\r\n                \"name\": \"\",\r\n                \"url\": \"\"\r\n            },\r\n            \"offers\":\r\n            {\r\n                \"url\": \"https:\/\/avantis.edu.es\/es\/events\/inicio-2o-ciclo-de-infantil-i3-i4-i5-2\/\",\r\n                \"price\": \"\",\r\n                \"priceCurrency\": \"USD\",\r\n                \"availability\": \"https:\/\/schema.org\/InStock\",\r\n                \"validFrom\": \"2026-09-08T00:00\"\r\n            },\r\n            \"performer\": \"\",\r\n            \"description\": \"\",\r\n            \"image\": \"\",\r\n            \"name\": \"Inicio 2\u00ba Ciclo de Infantil (I3-I4-I5)\",\r\n            \"url\": \"https:\/\/avantis.edu.es\/es\/events\/inicio-2o-ciclo-de-infantil-i3-i4-i5-2\/\"\r\n        }\r\n        <\/script>\r\n        <article class=\"mec-event-article \"><div class=\"mec-event-image\"><\/div><div class=\"mec-event-time mec-color\"><i class=\"mec-sl-clock-o\"><\/i> Evento de todo el d\u00eda<\/div><h4 class=\"mec-event-title\"><a class=\"mec-color-hover\"  data-event-id=\"22863\" href=\"https:\/\/avantis.edu.es\/es\/events\/inicio-2o-ciclo-de-infantil-i3-i4-i5-2\/\" target=\"m1\" rel=\"noopener\">Inicio 2\u00ba Ciclo de Infantil (I3-I4-I5)<\/a><span class=\"event-color\" style=\"background: #\"><\/span><\/h4><div class=\"mec-event-detail\"><div class=\"mec-event-loc-place\"><\/div><\/div><\/article>        <script type=\"application\/ld+json\">\r\n        {\r\n            \"@context\": \"http:\/\/schema.org\",\r\n            \"@type\": \"Event\",\r\n            \"eventStatus\": \"https:\/\/schema.org\/EventScheduled\",\r\n            \"startDate\": \"2026-09-08\",\r\n            \"endDate\": \"2026-09-08\",\r\n            \"eventAttendanceMode\": \"https:\/\/schema.org\/OfflineEventAttendanceMode\",\r\n            \"location\":\r\n            {\r\n                \"@type\": \"Place\",\r\n                                \"name\": \"\",\r\n                \"image\": \"\",\r\n                \"address\": \"\"\r\n                            },\r\n            \"organizer\":\r\n            {\r\n                \"@type\": \"Person\",\r\n                \"name\": \"\",\r\n                \"url\": \"\"\r\n            },\r\n            \"offers\":\r\n            {\r\n                \"url\": \"https:\/\/avantis.edu.es\/es\/events\/inicio-2o-ciclo-de-infantil-i3-i4-i5\/\",\r\n                \"price\": \"\",\r\n                \"priceCurrency\": \"USD\",\r\n                \"availability\": \"https:\/\/schema.org\/InStock\",\r\n                \"validFrom\": \"2026-09-08T00:00\"\r\n            },\r\n            \"performer\": \"\",\r\n            \"description\": \"\",\r\n            \"image\": \"\",\r\n            \"name\": \"Inicio 2\u00ba Ciclo de Infantil (I3-I4-I5)\",\r\n            \"url\": \"https:\/\/avantis.edu.es\/es\/events\/inicio-2o-ciclo-de-infantil-i3-i4-i5\/\"\r\n        }\r\n        <\/script>\r\n        <article class=\"mec-event-article \"><div class=\"mec-event-image\"><\/div><div class=\"mec-event-time mec-color\"><i class=\"mec-sl-clock-o\"><\/i> Evento de todo el d\u00eda<\/div><h4 class=\"mec-event-title\"><a class=\"mec-color-hover\"  data-event-id=\"22861\" href=\"https:\/\/avantis.edu.es\/es\/events\/inicio-2o-ciclo-de-infantil-i3-i4-i5\/\" target=\"m1\" rel=\"noopener\">Inicio 2\u00ba Ciclo de Infantil (I3-I4-I5)<\/a><span class=\"event-color\" style=\"background: #\"><\/span><\/h4><div class=\"mec-event-detail\"><div class=\"mec-event-loc-place\"><\/div><\/div><\/article><\/div><div class=\"mec-calendar-events-sec\" id=\"mec-calendar-events-sec-4132-20260909\" data-mec-cell=\"20260909\" ><h6 class=\"mec-table-side-title\">Eventos de <span class=\"mec-color mec-table-side-day\"> 9th<\/span> septiembre<\/h6>        <script type=\"application\/ld+json\">\r\n        {\r\n            \"@context\": \"http:\/\/schema.org\",\r\n            \"@type\": \"Event\",\r\n            \"eventStatus\": \"https:\/\/schema.org\/EventScheduled\",\r\n            \"startDate\": \"2026-09-09\",\r\n            \"endDate\": \"2026-09-09\",\r\n            \"eventAttendanceMode\": \"https:\/\/schema.org\/OfflineEventAttendanceMode\",\r\n            \"location\":\r\n            {\r\n                \"@type\": \"Place\",\r\n                                \"name\": \"Colegio Xaloc\",\r\n                \"image\": \"\",\r\n                \"address\": \"Colegio Xaloc\"\r\n                            },\r\n            \"organizer\":\r\n            {\r\n                \"@type\": \"Person\",\r\n                \"name\": \"\",\r\n                \"url\": \"\"\r\n            },\r\n            \"offers\":\r\n            {\r\n                \"url\": \"https:\/\/avantis.edu.es\/es\/events\/reunion-de-matrimonios-encargados-de-curso\/\",\r\n                \"price\": \"\",\r\n                \"priceCurrency\": \"USD\",\r\n                \"availability\": \"https:\/\/schema.org\/InStock\",\r\n                \"validFrom\": \"2026-09-09T00:00\"\r\n            },\r\n            \"performer\": \"\",\r\n            \"description\": \"\",\r\n            \"image\": \"\",\r\n            \"name\": \"Reuni\u00f3n de Matrimonios Encargados de Curso\",\r\n            \"url\": \"https:\/\/avantis.edu.es\/es\/events\/reunion-de-matrimonios-encargados-de-curso\/\"\r\n        }\r\n        <\/script>\r\n        <article class=\"mec-event-article \"><div class=\"mec-event-image\"><\/div><div class=\"mec-event-time mec-color\"><i class=\"mec-sl-clock-o\"><\/i> 19:30 - 21:30<\/div><h4 class=\"mec-event-title\"><a class=\"mec-color-hover\"  data-event-id=\"22843\" href=\"https:\/\/avantis.edu.es\/es\/events\/reunion-de-matrimonios-encargados-de-curso\/\" target=\"m1\" rel=\"noopener\">Reuni\u00f3n de Matrimonios Encargados de Curso<\/a><span class=\"event-color\" style=\"background: #\"><\/span><\/h4><div class=\"mec-event-detail\"><div class=\"mec-event-loc-place\">Colegio Xaloc<\/div><\/div><\/article><\/div><div class=\"mec-calendar-events-sec\" id=\"mec-calendar-events-sec-4132-20260910\" data-mec-cell=\"20260910\" ><h6 class=\"mec-table-side-title\">Eventos de <span class=\"mec-color mec-table-side-day\"> 10th<\/span> septiembre<\/h6><article class=\"mec-event-article\"><div class=\"mec-event-detail\">Sin eventos<\/div><\/article><\/div><div class=\"mec-calendar-events-sec\" id=\"mec-calendar-events-sec-4132-20260911\" data-mec-cell=\"20260911\" ><h6 class=\"mec-table-side-title\">Eventos de <span class=\"mec-color mec-table-side-day\"> 11th<\/span> septiembre<\/h6>        <script type=\"application\/ld+json\">\r\n        {\r\n            \"@context\": \"http:\/\/schema.org\",\r\n            \"@type\": \"Event\",\r\n            \"eventStatus\": \"https:\/\/schema.org\/EventScheduled\",\r\n            \"startDate\": \"2026-09-11\",\r\n            \"endDate\": \"2026-09-11\",\r\n            \"eventAttendanceMode\": \"https:\/\/schema.org\/OfflineEventAttendanceMode\",\r\n            \"location\":\r\n            {\r\n                \"@type\": \"Place\",\r\n                                \"name\": \"\",\r\n                \"image\": \"\",\r\n                \"address\": \"\"\r\n                            },\r\n            \"organizer\":\r\n            {\r\n                \"@type\": \"Person\",\r\n                \"name\": \"\",\r\n                \"url\": \"\"\r\n            },\r\n            \"offers\":\r\n            {\r\n                \"url\": \"https:\/\/avantis.edu.es\/es\/events\/fiesta-diada\/\",\r\n                \"price\": \"\",\r\n                \"priceCurrency\": \"USD\",\r\n                \"availability\": \"https:\/\/schema.org\/InStock\",\r\n                \"validFrom\": \"2026-09-11T00:00\"\r\n            },\r\n            \"performer\": \"\",\r\n            \"description\": \"\",\r\n            \"image\": \"\",\r\n            \"name\": \"Fiesta Diada\",\r\n            \"url\": \"https:\/\/avantis.edu.es\/es\/events\/fiesta-diada\/\"\r\n        }\r\n        <\/script>\r\n        <article class=\"mec-event-article \"><div class=\"mec-event-image\"><\/div><div class=\"mec-event-time mec-color\"><i class=\"mec-sl-clock-o\"><\/i> Evento de todo el d\u00eda<\/div><h4 class=\"mec-event-title\"><a class=\"mec-color-hover\"  data-event-id=\"22865\" href=\"https:\/\/avantis.edu.es\/es\/events\/fiesta-diada\/\" target=\"m1\" rel=\"noopener\">Fiesta Diada<\/a><span class=\"event-color\" style=\"background: #\"><\/span><\/h4><div class=\"mec-event-detail\"><div class=\"mec-event-loc-place\"><\/div><\/div><\/article><\/div><div class=\"mec-calendar-events-sec\" id=\"mec-calendar-events-sec-4132-20260912\" data-mec-cell=\"20260912\" ><h6 class=\"mec-table-side-title\">Eventos de <span class=\"mec-color mec-table-side-day\"> 12th<\/span> septiembre<\/h6><article class=\"mec-event-article\"><div class=\"mec-event-detail\">Sin eventos<\/div><\/article><\/div><div class=\"mec-calendar-events-sec\" id=\"mec-calendar-events-sec-4132-20260913\" data-mec-cell=\"20260913\" ><h6 class=\"mec-table-side-title\">Eventos de <span class=\"mec-color mec-table-side-day\"> 13th<\/span> septiembre<\/h6><article class=\"mec-event-article\"><div class=\"mec-event-detail\">Sin eventos<\/div><\/article><\/div><div class=\"mec-calendar-events-sec\" id=\"mec-calendar-events-sec-4132-20260914\" data-mec-cell=\"20260914\" ><h6 class=\"mec-table-side-title\">Eventos de <span class=\"mec-color mec-table-side-day\"> 14th<\/span> septiembre<\/h6><article class=\"mec-event-article\"><div class=\"mec-event-detail\">Sin eventos<\/div><\/article><\/div><div class=\"mec-calendar-events-sec\" id=\"mec-calendar-events-sec-4132-20260915\" data-mec-cell=\"20260915\" ><h6 class=\"mec-table-side-title\">Eventos de <span class=\"mec-color mec-table-side-day\"> 15th<\/span> septiembre<\/h6>        <script type=\"application\/ld+json\">\r\n        {\r\n            \"@context\": \"http:\/\/schema.org\",\r\n            \"@type\": \"Event\",\r\n            \"eventStatus\": \"https:\/\/schema.org\/EventScheduled\",\r\n            \"startDate\": \"2026-09-15\",\r\n            \"endDate\": \"2026-09-15\",\r\n            \"eventAttendanceMode\": \"https:\/\/schema.org\/OfflineEventAttendanceMode\",\r\n            \"location\":\r\n            {\r\n                \"@type\": \"Place\",\r\n                                \"name\": \"Oratori de Pineda\",\r\n                \"image\": \"\",\r\n                \"address\": \"Oratori de Pineda\"\r\n                            },\r\n            \"organizer\":\r\n            {\r\n                \"@type\": \"Person\",\r\n                \"name\": \"\",\r\n                \"url\": \"\"\r\n            },\r\n            \"offers\":\r\n            {\r\n                \"url\": \"https:\/\/avantis.edu.es\/es\/events\/retiro-mensual-3\/\",\r\n                \"price\": \"\",\r\n                \"priceCurrency\": \"USD\",\r\n                \"availability\": \"https:\/\/schema.org\/InStock\",\r\n                \"validFrom\": \"2026-09-15T00:00\"\r\n            },\r\n            \"performer\": \"\",\r\n            \"description\": \"\",\r\n            \"image\": \"\",\r\n            \"name\": \"Retiro mensual\",\r\n            \"url\": \"https:\/\/avantis.edu.es\/es\/events\/retiro-mensual-3\/\"\r\n        }\r\n        <\/script>\r\n        <article class=\"mec-event-article \"><div class=\"mec-event-image\"><\/div><div class=\"mec-event-time mec-color\"><i class=\"mec-sl-clock-o\"><\/i> 15:30 - 16:45<\/div><h4 class=\"mec-event-title\"><a class=\"mec-color-hover\"  data-event-id=\"22867\" href=\"https:\/\/avantis.edu.es\/es\/events\/retiro-mensual-3\/\" target=\"m1\" rel=\"noopener\">Retiro mensual<\/a><span class=\"event-color\" style=\"background: #fdd700\"><\/span><\/h4><div class=\"mec-event-detail\"><div class=\"mec-event-loc-place\">Oratori de Pineda<\/div><\/div><\/article><\/div><div class=\"mec-calendar-events-sec\" id=\"mec-calendar-events-sec-4132-20260916\" data-mec-cell=\"20260916\" ><h6 class=\"mec-table-side-title\">Eventos de <span class=\"mec-color mec-table-side-day\"> 16th<\/span> septiembre<\/h6>        <script type=\"application\/ld+json\">\r\n        {\r\n            \"@context\": \"http:\/\/schema.org\",\r\n            \"@type\": \"Event\",\r\n            \"eventStatus\": \"https:\/\/schema.org\/EventScheduled\",\r\n            \"startDate\": \"2026-09-16\",\r\n            \"endDate\": \"2026-09-16\",\r\n            \"eventAttendanceMode\": \"https:\/\/schema.org\/OfflineEventAttendanceMode\",\r\n            \"location\":\r\n            {\r\n                \"@type\": \"Place\",\r\n                                \"name\": \"Oratori de Pineda\",\r\n                \"image\": \"\",\r\n                \"address\": \"Oratori de Pineda\"\r\n                            },\r\n            \"organizer\":\r\n            {\r\n                \"@type\": \"Person\",\r\n                \"name\": \"\",\r\n                \"url\": \"\"\r\n            },\r\n            \"offers\":\r\n            {\r\n                \"url\": \"https:\/\/avantis.edu.es\/es\/events\/retiro-mensual-4\/\",\r\n                \"price\": \"\",\r\n                \"priceCurrency\": \"USD\",\r\n                \"availability\": \"https:\/\/schema.org\/InStock\",\r\n                \"validFrom\": \"2026-09-16T00:00\"\r\n            },\r\n            \"performer\": \"\",\r\n            \"description\": \"\",\r\n            \"image\": \"\",\r\n            \"name\": \"Retiro mensual\",\r\n            \"url\": \"https:\/\/avantis.edu.es\/es\/events\/retiro-mensual-4\/\"\r\n        }\r\n        <\/script>\r\n        <article class=\"mec-event-article \"><div class=\"mec-event-image\"><\/div><div class=\"mec-event-time mec-color\"><i class=\"mec-sl-clock-o\"><\/i> 17:15 - 18:30<\/div><h4 class=\"mec-event-title\"><a class=\"mec-color-hover\"  data-event-id=\"22869\" href=\"https:\/\/avantis.edu.es\/es\/events\/retiro-mensual-4\/\" target=\"m1\" rel=\"noopener\">Retiro mensual<\/a><span class=\"event-color\" style=\"background: #fdd700\"><\/span><\/h4><div class=\"mec-event-detail\"><div class=\"mec-event-loc-place\">Oratori de Pineda<\/div><\/div><\/article><\/div><div class=\"mec-calendar-events-sec\" id=\"mec-calendar-events-sec-4132-20260917\" data-mec-cell=\"20260917\" ><h6 class=\"mec-table-side-title\">Eventos de <span class=\"mec-color mec-table-side-day\"> 17th<\/span> septiembre<\/h6><article class=\"mec-event-article\"><div class=\"mec-event-detail\">Sin eventos<\/div><\/article><\/div><div class=\"mec-calendar-events-sec\" id=\"mec-calendar-events-sec-4132-20260918\" data-mec-cell=\"20260918\" ><h6 class=\"mec-table-side-title\">Eventos de <span class=\"mec-color mec-table-side-day\"> 18th<\/span> septiembre<\/h6><article class=\"mec-event-article\"><div class=\"mec-event-detail\">Sin eventos<\/div><\/article><\/div><div class=\"mec-calendar-events-sec\" id=\"mec-calendar-events-sec-4132-20260919\" data-mec-cell=\"20260919\" ><h6 class=\"mec-table-side-title\">Eventos de <span class=\"mec-color mec-table-side-day\"> 19th<\/span> septiembre<\/h6><article class=\"mec-event-article\"><div class=\"mec-event-detail\">Sin eventos<\/div><\/article><\/div><div class=\"mec-calendar-events-sec\" id=\"mec-calendar-events-sec-4132-20260920\" data-mec-cell=\"20260920\" ><h6 class=\"mec-table-side-title\">Eventos de <span class=\"mec-color mec-table-side-day\"> 20th<\/span> septiembre<\/h6><article class=\"mec-event-article\"><div class=\"mec-event-detail\">Sin eventos<\/div><\/article><\/div><div class=\"mec-calendar-events-sec\" id=\"mec-calendar-events-sec-4132-20260921\" data-mec-cell=\"20260921\" ><h6 class=\"mec-table-side-title\">Eventos de <span class=\"mec-color mec-table-side-day\"> 21st<\/span> septiembre<\/h6><article class=\"mec-event-article\"><div class=\"mec-event-detail\">Sin eventos<\/div><\/article><\/div><div class=\"mec-calendar-events-sec\" id=\"mec-calendar-events-sec-4132-20260922\" data-mec-cell=\"20260922\" ><h6 class=\"mec-table-side-title\">Eventos de <span class=\"mec-color mec-table-side-day\"> 22nd<\/span> septiembre<\/h6><article class=\"mec-event-article\"><div class=\"mec-event-detail\">Sin eventos<\/div><\/article><\/div><div class=\"mec-calendar-events-sec\" id=\"mec-calendar-events-sec-4132-20260923\" data-mec-cell=\"20260923\" ><h6 class=\"mec-table-side-title\">Eventos de <span class=\"mec-color mec-table-side-day\"> 23rd<\/span> septiembre<\/h6><article class=\"mec-event-article\"><div class=\"mec-event-detail\">Sin eventos<\/div><\/article><\/div><div class=\"mec-calendar-events-sec\" id=\"mec-calendar-events-sec-4132-20260924\" data-mec-cell=\"20260924\" ><h6 class=\"mec-table-side-title\">Eventos de <span class=\"mec-color mec-table-side-day\"> 24th<\/span> septiembre<\/h6>        <script type=\"application\/ld+json\">\r\n        {\r\n            \"@context\": \"http:\/\/schema.org\",\r\n            \"@type\": \"Event\",\r\n            \"eventStatus\": \"https:\/\/schema.org\/EventScheduled\",\r\n            \"startDate\": \"2026-09-24\",\r\n            \"endDate\": \"2026-09-24\",\r\n            \"eventAttendanceMode\": \"https:\/\/schema.org\/OfflineEventAttendanceMode\",\r\n            \"location\":\r\n            {\r\n                \"@type\": \"Place\",\r\n                                \"name\": \"\",\r\n                \"image\": \"\",\r\n                \"address\": \"\"\r\n                            },\r\n            \"organizer\":\r\n            {\r\n                \"@type\": \"Person\",\r\n                \"name\": \"\",\r\n                \"url\": \"\"\r\n            },\r\n            \"offers\":\r\n            {\r\n                \"url\": \"https:\/\/avantis.edu.es\/es\/events\/fiesta-local-la-merce\/\",\r\n                \"price\": \"\",\r\n                \"priceCurrency\": \"USD\",\r\n                \"availability\": \"https:\/\/schema.org\/InStock\",\r\n                \"validFrom\": \"2026-09-24T00:00\"\r\n            },\r\n            \"performer\": \"\",\r\n            \"description\": \"\",\r\n            \"image\": \"\",\r\n            \"name\": \"Fiesta Local &#8211; La Merc\u00e9\",\r\n            \"url\": \"https:\/\/avantis.edu.es\/es\/events\/fiesta-local-la-merce\/\"\r\n        }\r\n        <\/script>\r\n        <article class=\"mec-event-article \"><div class=\"mec-event-image\"><\/div><div class=\"mec-event-time mec-color\"><i class=\"mec-sl-clock-o\"><\/i> Evento de todo el d\u00eda<\/div><h4 class=\"mec-event-title\"><a class=\"mec-color-hover\"  data-event-id=\"22907\" href=\"https:\/\/avantis.edu.es\/es\/events\/fiesta-local-la-merce\/\" target=\"m1\" rel=\"noopener\">Fiesta Local &#8211; La Merc\u00e9<\/a><span class=\"event-color\" style=\"background: #\"><\/span><\/h4><div class=\"mec-event-detail\"><div class=\"mec-event-loc-place\"><\/div><\/div><\/article><\/div><div class=\"mec-calendar-events-sec\" id=\"mec-calendar-events-sec-4132-20260925\" data-mec-cell=\"20260925\" ><h6 class=\"mec-table-side-title\">Eventos de <span class=\"mec-color mec-table-side-day\"> 25th<\/span> septiembre<\/h6><article class=\"mec-event-article\"><div class=\"mec-event-detail\">Sin eventos<\/div><\/article><\/div><div class=\"mec-calendar-events-sec\" id=\"mec-calendar-events-sec-4132-20260926\" data-mec-cell=\"20260926\" ><h6 class=\"mec-table-side-title\">Eventos de <span class=\"mec-color mec-table-side-day\"> 26th<\/span> septiembre<\/h6><article class=\"mec-event-article\"><div class=\"mec-event-detail\">Sin eventos<\/div><\/article><\/div><div class=\"mec-calendar-events-sec\" id=\"mec-calendar-events-sec-4132-20260927\" data-mec-cell=\"20260927\" ><h6 class=\"mec-table-side-title\">Eventos de <span class=\"mec-color mec-table-side-day\"> 27th<\/span> septiembre<\/h6><article class=\"mec-event-article\"><div class=\"mec-event-detail\">Sin eventos<\/div><\/article><\/div><div class=\"mec-calendar-events-sec\" id=\"mec-calendar-events-sec-4132-20260928\" data-mec-cell=\"20260928\" ><h6 class=\"mec-table-side-title\">Eventos de <span class=\"mec-color mec-table-side-day\"> 28th<\/span> septiembre<\/h6><article class=\"mec-event-article\"><div class=\"mec-event-detail\">Sin eventos<\/div><\/article><\/div><div class=\"mec-calendar-events-sec\" id=\"mec-calendar-events-sec-4132-20260929\" data-mec-cell=\"20260929\" ><h6 class=\"mec-table-side-title\">Eventos de <span class=\"mec-color mec-table-side-day\"> 29th<\/span> septiembre<\/h6><article class=\"mec-event-article\"><div class=\"mec-event-detail\">Sin eventos<\/div><\/article><\/div><div class=\"mec-calendar-events-sec\" id=\"mec-calendar-events-sec-4132-20260930\" data-mec-cell=\"20260930\" ><h6 class=\"mec-table-side-title\">Eventos de <span class=\"mec-color mec-table-side-day\"> 30th<\/span> septiembre<\/h6><article class=\"mec-event-article\"><div class=\"mec-event-detail\">Sin eventos<\/div><\/article><\/div><div class=\"mec-calendar-events-sec\" id=\"mec-calendar-events-sec-4132-20261002\" data-mec-cell=\"20261002\" ><h6 class=\"mec-table-side-title\">Eventos de <span class=\"mec-color mec-table-side-day\"> 2nd<\/span> octubre<\/h6>        <script type=\"application\/ld+json\">\r\n        {\r\n            \"@context\": \"http:\/\/schema.org\",\r\n            \"@type\": \"Event\",\r\n            \"eventStatus\": \"https:\/\/schema.org\/EventScheduled\",\r\n            \"startDate\": \"2026-10-02\",\r\n            \"endDate\": \"2026-10-02\",\r\n            \"eventAttendanceMode\": \"https:\/\/schema.org\/OfflineEventAttendanceMode\",\r\n            \"location\":\r\n            {\r\n                \"@type\": \"Place\",\r\n                                \"name\": \"\",\r\n                \"image\": \"\",\r\n                \"address\": \"\"\r\n                            },\r\n            \"organizer\":\r\n            {\r\n                \"@type\": \"Person\",\r\n                \"name\": \"\",\r\n                \"url\": \"\"\r\n            },\r\n            \"offers\":\r\n            {\r\n                \"url\": \"https:\/\/avantis.edu.es\/es\/events\/tardeo-familiar-20o-aniversario-avantis\/\",\r\n                \"price\": \"\",\r\n                \"priceCurrency\": \"USD\",\r\n                \"availability\": \"https:\/\/schema.org\/InStock\",\r\n                \"validFrom\": \"2026-10-02T00:00\"\r\n            },\r\n            \"performer\": \"\",\r\n            \"description\": \"\",\r\n            \"image\": \"\",\r\n            \"name\": \"Tardeo familiar &#8211; 20\u00ba aniversario Avantis\",\r\n            \"url\": \"https:\/\/avantis.edu.es\/es\/events\/tardeo-familiar-20o-aniversario-avantis\/\"\r\n        }\r\n        <\/script>\r\n        <article class=\"mec-event-article \"><div class=\"mec-event-image\"><\/div><div class=\"mec-event-time mec-color\"><i class=\"mec-sl-clock-o\"><\/i> 16:00 - 18:00<\/div><h4 class=\"mec-event-title\"><a class=\"mec-color-hover\"  data-event-id=\"22909\" href=\"https:\/\/avantis.edu.es\/es\/events\/tardeo-familiar-20o-aniversario-avantis\/\" target=\"m1\" rel=\"noopener\">Tardeo familiar &#8211; 20\u00ba aniversario Avantis<\/a><span class=\"event-color\" style=\"background: #\"><\/span><\/h4><div class=\"mec-event-detail\"><div class=\"mec-event-loc-place\"><\/div><\/div><\/article><\/div><\/div><\/div><\/div><div class=\"mec-event-footer\"><\/div>    <\/div>\r\n    \r\n<\/div>\t\t\t\t<\/div>\n\t\t\t\t<\/div>\n\t\t\t\t\t<\/div>\n\t\t<\/div>\n\t\t\t\t\t<\/div>\n\t\t<\/section>\n\t\t\t\t<section class=\"elementor-section elementor-top-section elementor-element elementor-element-377a31d elementor-section-boxed elementor-section-height-default elementor-section-height-default\" data-id=\"377a31d\" data-element_type=\"section\" data-e-type=\"section\" data-settings=\"{&quot;background_background&quot;:&quot;classic&quot;}\">\n\t\t\t\t\t\t<div class=\"elementor-container elementor-column-gap-default\">\n\t\t\t\t\t<div class=\"elementor-column elementor-col-100 elementor-top-column elementor-element elementor-element-2499cfa\" data-id=\"2499cfa\" data-element_type=\"column\" data-e-type=\"column\">\n\t\t\t<div class=\"elementor-widget-wrap elementor-element-populated\">\n\t\t\t\t\t\t<section class=\"elementor-section elementor-inner-section elementor-element elementor-element-c5f469a elementor-section-content-middle elementor-section-boxed elementor-section-height-default elementor-section-height-default\" data-id=\"c5f469a\" data-element_type=\"section\" data-e-type=\"section\">\n\t\t\t\t\t\t<div class=\"elementor-container elementor-column-gap-default\">\n\t\t\t\t\t<div class=\"elementor-column elementor-col-33 elementor-inner-column elementor-element elementor-element-52b452c\" data-id=\"52b452c\" data-element_type=\"column\" data-e-type=\"column\">\n\t\t\t<div class=\"elementor-widget-wrap elementor-element-populated\">\n\t\t\t\t\t\t<div class=\"elementor-element elementor-element-37b3dcf elementor-widget elementor-widget-image\" data-id=\"37b3dcf\" data-element_type=\"widget\" data-e-type=\"widget\" data-widget_type=\"image.default\">\n\t\t\t\t<div class=\"elementor-widget-container\">\n\t\t\t\t\t\t\t\t\t\t\t\t\t\t\t\t<a href=\"https:\/\/www.avantis.edu.es\/ca\">\n\t\t\t\t\t\t\t<img decoding=\"async\" width=\"300\" height=\"97\" src=\"https:\/\/avantis.edu.es\/wp-content\/uploads\/2021\/07\/Avantis_logo-300x97.png\" class=\"attachment-medium size-medium wp-image-1982\" alt=\"Logo Avantis\" srcset=\"https:\/\/avantis.edu.es\/wp-content\/uploads\/2021\/07\/Avantis_logo-300x97.png 300w, https:\/\/avantis.edu.es\/wp-content\/uploads\/2021\/07\/Avantis_logo-1024x333.png 1024w, https:\/\/avantis.edu.es\/wp-content\/uploads\/2021\/07\/Avantis_logo-768x250.png 768w, https:\/\/avantis.edu.es\/wp-content\/uploads\/2021\/07\/Avantis_logo-1536x499.png 1536w, https:\/\/avantis.edu.es\/wp-content\/uploads\/2021\/07\/Avantis_logo.png 1945w\" sizes=\"(max-width: 300px) 100vw, 300px\" loading=\"lazy\" \/>\t\t\t\t\t\t\t\t<\/a>\n\t\t\t\t\t\t\t\t\t\t\t\t\t\t\t<\/div>\n\t\t\t\t<\/div>\n\t\t\t\t\t<\/div>\n\t\t<\/div>\n\t\t\t\t<div class=\"elementor-column elementor-col-33 elementor-inner-column elementor-element elementor-element-529f372\" data-id=\"529f372\" data-element_type=\"column\" data-e-type=\"column\">\n\t\t\t<div class=\"elementor-widget-wrap elementor-element-populated\">\n\t\t\t\t\t\t<div class=\"elementor-element elementor-element-9649c4d elementor-widget elementor-widget-image\" data-id=\"9649c4d\" data-element_type=\"widget\" data-e-type=\"widget\" data-widget_type=\"image.default\">\n\t\t\t\t<div class=\"elementor-widget-container\">\n\t\t\t\t\t\t\t\t\t\t\t\t\t\t\t\t<a href=\"https:\/\/pineda.es\/\">\n\t\t\t\t\t\t\t<img decoding=\"async\" width=\"300\" height=\"111\" src=\"https:\/\/avantis.edu.es\/wp-content\/uploads\/2021\/07\/Recurso-1LOGO-PINEDA-300x111.png\" class=\"attachment-medium size-medium wp-image-1912\" alt=\"\" srcset=\"https:\/\/avantis.edu.es\/wp-content\/uploads\/2021\/07\/Recurso-1LOGO-PINEDA-300x111.png 300w, https:\/\/avantis.edu.es\/wp-content\/uploads\/2021\/07\/Recurso-1LOGO-PINEDA.png 735w\" sizes=\"(max-width: 300px) 100vw, 300px\" loading=\"lazy\" \/>\t\t\t\t\t\t\t\t<\/a>\n\t\t\t\t\t\t\t\t\t\t\t\t\t\t\t<\/div>\n\t\t\t\t<\/div>\n\t\t\t\t\t<\/div>\n\t\t<\/div>\n\t\t\t\t<div class=\"elementor-column elementor-col-33 elementor-inner-column elementor-element elementor-element-7aa994e\" data-id=\"7aa994e\" data-element_type=\"column\" data-e-type=\"column\">\n\t\t\t<div class=\"elementor-widget-wrap elementor-element-populated\">\n\t\t\t\t\t\t<div class=\"elementor-element elementor-element-81a9c4d elementor-widget elementor-widget-image\" data-id=\"81a9c4d\" data-element_type=\"widget\" data-e-type=\"widget\" data-widget_type=\"image.default\">\n\t\t\t\t<div class=\"elementor-widget-container\">\n\t\t\t\t\t\t\t\t\t\t\t\t\t\t\t\t<a href=\"https:\/\/www.xaloc.org\/ca\/index.htm\">\n\t\t\t\t\t\t\t<img decoding=\"async\" width=\"300\" height=\"90\" src=\"https:\/\/avantis.edu.es\/wp-content\/uploads\/2021\/07\/Recurso-1LOGO-XALOC-300x90.png\" class=\"attachment-medium size-medium wp-image-1948\" alt=\"\" srcset=\"https:\/\/avantis.edu.es\/wp-content\/uploads\/2021\/07\/Recurso-1LOGO-XALOC-300x90.png 300w, https:\/\/avantis.edu.es\/wp-content\/uploads\/2021\/07\/Recurso-1LOGO-XALOC-1024x309.png 1024w, https:\/\/avantis.edu.es\/wp-content\/uploads\/2021\/07\/Recurso-1LOGO-XALOC-768x232.png 768w, https:\/\/avantis.edu.es\/wp-content\/uploads\/2021\/07\/Recurso-1LOGO-XALOC-1536x463.png 1536w, https:\/\/avantis.edu.es\/wp-content\/uploads\/2021\/07\/Recurso-1LOGO-XALOC-2048x618.png 2048w\" sizes=\"(max-width: 300px) 100vw, 300px\" loading=\"lazy\" \/>\t\t\t\t\t\t\t\t<\/a>\n\t\t\t\t\t\t\t\t\t\t\t\t\t\t\t<\/div>\n\t\t\t\t<\/div>\n\t\t\t\t\t<\/div>\n\t\t<\/div>\n\t\t\t\t\t<\/div>\n\t\t<\/section>\n\t\t\t\t<div class=\"elementor-element elementor-element-9135460 elementor-widget elementor-widget-spacer\" data-id=\"9135460\" data-element_type=\"widget\" data-e-type=\"widget\" data-widget_type=\"spacer.default\">\n\t\t\t\t<div class=\"elementor-widget-container\">\n\t\t\t\t\t\t\t<div class=\"elementor-spacer\">\n\t\t\t<div class=\"elementor-spacer-inner\"><\/div>\n\t\t<\/div>\n\t\t\t\t\t\t<\/div>\n\t\t\t\t<\/div>\n\t\t\t\t\t<\/div>\n\t\t<\/div>\n\t\t\t\t\t<\/div>\n\t\t<\/section>\n\t\t\t\t<\/div>\n\t\t","protected":false},"excerpt":{"rendered":"<p>CALENDARIO Mantente siempre al d\u00eda juliol agost 2026 setembre DL DT DM DJ DV DS DG 27 28 29 30 31 1 2 3 4 5 6 7 8 9 10 11 12 13 14 15 16 17 18 19 20 21 22 23 24 25 26 27 28 29 30 31 1 2 3 [&hellip;]<\/p>\n","protected":false},"author":2,"featured_media":2066,"parent":0,"menu_order":0,"comment_status":"closed","ping_status":"closed","template":"elementor_header_footer","meta":{"powered_cache_disable_cache":false,"powered_cache_disable_js_defer":false,"powered_cache_disable_js_delay":false,"footnotes":""},"class_list":["post-4422","page","type-page","status-publish","has-post-thumbnail","hentry"],"yoast_head":"<!-- This site is optimized with the Yoast SEO plugin v28.3 - https:\/\/yoast.com\/product\/yoast-seo-wordpress\/ -->\n<title>Calendario - Avantis<\/title>\n<meta name=\"description\" content=\"En esta p\u00e1gina encontrar\u00e1s el calendario acad\u00e9mico de los alumnos de Avantis. Estate al d\u00eda de todo lo que pasa en el colegio.\" \/>\n<meta name=\"robots\" content=\"index, follow, max-snippet:-1, max-image-preview:large, max-video-preview:-1\" \/>\n<link rel=\"canonical\" href=\"https:\/\/avantis.edu.es\/es\/calendarioavantis\/\" \/>\n<meta property=\"og:locale\" content=\"es_ES\" \/>\n<meta property=\"og:type\" content=\"article\" \/>\n<meta property=\"og:title\" content=\"Calendario - Avantis\" \/>\n<meta property=\"og:description\" content=\"En esta p\u00e1gina encontrar\u00e1s el calendario acad\u00e9mico de los alumnos de Avantis. Estate al d\u00eda de todo lo que pasa en el colegio.\" \/>\n<meta property=\"og:url\" content=\"https:\/\/avantis.edu.es\/es\/calendarioavantis\/\" \/>\n<meta property=\"og:site_name\" content=\"Avantis\" \/>\n<meta property=\"article:modified_time\" content=\"2026-08-28T09:26:22+00:00\" \/>\n<meta property=\"og:image\" content=\"https:\/\/avantis.edu.es\/wp-content\/uploads\/2021\/07\/Captura-de-pantalla-2021-07-22-a-las-16.06.07.png\" \/>\n\t<meta property=\"og:image:width\" content=\"535\" \/>\n\t<meta property=\"og:image:height\" content=\"321\" \/>\n\t<meta property=\"og:image:type\" content=\"image\/png\" \/>\n<meta name=\"twitter:card\" content=\"summary_large_image\" \/>\n<meta name=\"twitter:label1\" content=\"Tiempo de lectura\" \/>\n\t<meta name=\"twitter:data1\" content=\"2 minutos\" \/>\n<script type=\"application\/ld+json\" class=\"yoast-schema-graph\">{\"@context\":\"https:\\\/\\\/schema.org\",\"@graph\":[{\"@type\":\"WebPage\",\"@id\":\"https:\\\/\\\/avantis.edu.es\\\/es\\\/calendarioavantis\\\/\",\"url\":\"https:\\\/\\\/avantis.edu.es\\\/es\\\/calendarioavantis\\\/\",\"name\":\"Calendario - Avantis\",\"isPartOf\":{\"@id\":\"https:\\\/\\\/avantis.edu.es\\\/es\\\/#website\"},\"primaryImageOfPage\":{\"@id\":\"https:\\\/\\\/avantis.edu.es\\\/es\\\/calendarioavantis\\\/#primaryimage\"},\"image\":{\"@id\":\"https:\\\/\\\/avantis.edu.es\\\/es\\\/calendarioavantis\\\/#primaryimage\"},\"thumbnailUrl\":\"https:\\\/\\\/avantis.edu.es\\\/wp-content\\\/uploads\\\/2021\\\/07\\\/Captura-de-pantalla-2021-07-22-a-las-16.06.07.png\",\"datePublished\":\"2022-02-04T12:33:28+00:00\",\"dateModified\":\"2026-08-28T09:26:22+00:00\",\"description\":\"En esta p\u00e1gina encontrar\u00e1s el calendario acad\u00e9mico de los alumnos de Avantis. Estate al d\u00eda de todo lo que pasa en el colegio.\",\"breadcrumb\":{\"@id\":\"https:\\\/\\\/avantis.edu.es\\\/es\\\/calendarioavantis\\\/#breadcrumb\"},\"inLanguage\":\"es\",\"potentialAction\":[{\"@type\":\"ReadAction\",\"target\":[\"https:\\\/\\\/avantis.edu.es\\\/es\\\/calendarioavantis\\\/\"]}]},{\"@type\":\"ImageObject\",\"inLanguage\":\"es\",\"@id\":\"https:\\\/\\\/avantis.edu.es\\\/es\\\/calendarioavantis\\\/#primaryimage\",\"url\":\"https:\\\/\\\/avantis.edu.es\\\/wp-content\\\/uploads\\\/2021\\\/07\\\/Captura-de-pantalla-2021-07-22-a-las-16.06.07.png\",\"contentUrl\":\"https:\\\/\\\/avantis.edu.es\\\/wp-content\\\/uploads\\\/2021\\\/07\\\/Captura-de-pantalla-2021-07-22-a-las-16.06.07.png\",\"width\":535,\"height\":321,\"caption\":\"calendari\"},{\"@type\":\"BreadcrumbList\",\"@id\":\"https:\\\/\\\/avantis.edu.es\\\/es\\\/calendarioavantis\\\/#breadcrumb\",\"itemListElement\":[{\"@type\":\"ListItem\",\"position\":1,\"name\":\"Portada\",\"item\":\"https:\\\/\\\/avantis.edu.es\\\/es\\\/elementor-2263\\\/\"},{\"@type\":\"ListItem\",\"position\":2,\"name\":\"Calendario\"}]},{\"@type\":\"WebSite\",\"@id\":\"https:\\\/\\\/avantis.edu.es\\\/es\\\/#website\",\"url\":\"https:\\\/\\\/avantis.edu.es\\\/es\\\/\",\"name\":\"Avantis\",\"description\":\"ESCOLA CONCERTADA per la Generalitat de Catalunya\",\"publisher\":{\"@id\":\"https:\\\/\\\/avantis.edu.es\\\/es\\\/#organization\"},\"potentialAction\":[{\"@type\":\"SearchAction\",\"target\":{\"@type\":\"EntryPoint\",\"urlTemplate\":\"https:\\\/\\\/avantis.edu.es\\\/es\\\/?s={search_term_string}\"},\"query-input\":{\"@type\":\"PropertyValueSpecification\",\"valueRequired\":true,\"valueName\":\"search_term_string\"}}],\"inLanguage\":\"es\"},{\"@type\":\"Organization\",\"@id\":\"https:\\\/\\\/avantis.edu.es\\\/es\\\/#organization\",\"name\":\"Avantis\",\"url\":\"https:\\\/\\\/avantis.edu.es\\\/es\\\/\",\"logo\":{\"@type\":\"ImageObject\",\"inLanguage\":\"es\",\"@id\":\"https:\\\/\\\/avantis.edu.es\\\/es\\\/#\\\/schema\\\/logo\\\/image\\\/\",\"url\":\"https:\\\/\\\/avantis.edu.es\\\/wp-content\\\/uploads\\\/2021\\\/07\\\/Recurso-2pago-seguro-1.png\",\"contentUrl\":\"https:\\\/\\\/avantis.edu.es\\\/wp-content\\\/uploads\\\/2021\\\/07\\\/Recurso-2pago-seguro-1.png\",\"width\":1366,\"height\":404,\"caption\":\"Avantis\"},\"image\":{\"@id\":\"https:\\\/\\\/avantis.edu.es\\\/es\\\/#\\\/schema\\\/logo\\\/image\\\/\"}}]}<\/script>\n<!-- \/ Yoast SEO plugin. -->","yoast_head_json":{"title":"Calendario - Avantis","description":"En esta p\u00e1gina encontrar\u00e1s el calendario acad\u00e9mico de los alumnos de Avantis. Estate al d\u00eda de todo lo que pasa en el colegio.","robots":{"index":"index","follow":"follow","max-snippet":"max-snippet:-1","max-image-preview":"max-image-preview:large","max-video-preview":"max-video-preview:-1"},"canonical":"https:\/\/avantis.edu.es\/es\/calendarioavantis\/","og_locale":"es_ES","og_type":"article","og_title":"Calendario - Avantis","og_description":"En esta p\u00e1gina encontrar\u00e1s el calendario acad\u00e9mico de los alumnos de Avantis. Estate al d\u00eda de todo lo que pasa en el colegio.","og_url":"https:\/\/avantis.edu.es\/es\/calendarioavantis\/","og_site_name":"Avantis","article_modified_time":"2026-08-28T09:26:22+00:00","og_image":[{"width":535,"height":321,"url":"https:\/\/avantis.edu.es\/wp-content\/uploads\/2021\/07\/Captura-de-pantalla-2021-07-22-a-las-16.06.07.png","type":"image\/png"}],"twitter_card":"summary_large_image","twitter_misc":{"Tiempo de lectura":"2 minutos"},"schema":{"@context":"https:\/\/schema.org","@graph":[{"@type":"WebPage","@id":"https:\/\/avantis.edu.es\/es\/calendarioavantis\/","url":"https:\/\/avantis.edu.es\/es\/calendarioavantis\/","name":"Calendario - Avantis","isPartOf":{"@id":"https:\/\/avantis.edu.es\/es\/#website"},"primaryImageOfPage":{"@id":"https:\/\/avantis.edu.es\/es\/calendarioavantis\/#primaryimage"},"image":{"@id":"https:\/\/avantis.edu.es\/es\/calendarioavantis\/#primaryimage"},"thumbnailUrl":"https:\/\/avantis.edu.es\/wp-content\/uploads\/2021\/07\/Captura-de-pantalla-2021-07-22-a-las-16.06.07.png","datePublished":"2022-02-04T12:33:28+00:00","dateModified":"2026-08-28T09:26:22+00:00","description":"En esta p\u00e1gina encontrar\u00e1s el calendario acad\u00e9mico de los alumnos de Avantis. Estate al d\u00eda de todo lo que pasa en el colegio.","breadcrumb":{"@id":"https:\/\/avantis.edu.es\/es\/calendarioavantis\/#breadcrumb"},"inLanguage":"es","potentialAction":[{"@type":"ReadAction","target":["https:\/\/avantis.edu.es\/es\/calendarioavantis\/"]}]},{"@type":"ImageObject","inLanguage":"es","@id":"https:\/\/avantis.edu.es\/es\/calendarioavantis\/#primaryimage","url":"https:\/\/avantis.edu.es\/wp-content\/uploads\/2021\/07\/Captura-de-pantalla-2021-07-22-a-las-16.06.07.png","contentUrl":"https:\/\/avantis.edu.es\/wp-content\/uploads\/2021\/07\/Captura-de-pantalla-2021-07-22-a-las-16.06.07.png","width":535,"height":321,"caption":"calendari"},{"@type":"BreadcrumbList","@id":"https:\/\/avantis.edu.es\/es\/calendarioavantis\/#breadcrumb","itemListElement":[{"@type":"ListItem","position":1,"name":"Portada","item":"https:\/\/avantis.edu.es\/es\/elementor-2263\/"},{"@type":"ListItem","position":2,"name":"Calendario"}]},{"@type":"WebSite","@id":"https:\/\/avantis.edu.es\/es\/#website","url":"https:\/\/avantis.edu.es\/es\/","name":"Avantis","description":"ESCOLA CONCERTADA per la Generalitat de Catalunya","publisher":{"@id":"https:\/\/avantis.edu.es\/es\/#organization"},"potentialAction":[{"@type":"SearchAction","target":{"@type":"EntryPoint","urlTemplate":"https:\/\/avantis.edu.es\/es\/?s={search_term_string}"},"query-input":{"@type":"PropertyValueSpecification","valueRequired":true,"valueName":"search_term_string"}}],"inLanguage":"es"},{"@type":"Organization","@id":"https:\/\/avantis.edu.es\/es\/#organization","name":"Avantis","url":"https:\/\/avantis.edu.es\/es\/","logo":{"@type":"ImageObject","inLanguage":"es","@id":"https:\/\/avantis.edu.es\/es\/#\/schema\/logo\/image\/","url":"https:\/\/avantis.edu.es\/wp-content\/uploads\/2021\/07\/Recurso-2pago-seguro-1.png","contentUrl":"https:\/\/avantis.edu.es\/wp-content\/uploads\/2021\/07\/Recurso-2pago-seguro-1.png","width":1366,"height":404,"caption":"Avantis"},"image":{"@id":"https:\/\/avantis.edu.es\/es\/#\/schema\/logo\/image\/"}}]}},"_links":{"self":[{"href":"https:\/\/avantis.edu.es\/es\/wp-json\/wp\/v2\/pages\/4422","targetHints":{"allow":["GET"]}}],"collection":[{"href":"https:\/\/avantis.edu.es\/es\/wp-json\/wp\/v2\/pages"}],"about":[{"href":"https:\/\/avantis.edu.es\/es\/wp-json\/wp\/v2\/types\/page"}],"author":[{"embeddable":true,"href":"https:\/\/avantis.edu.es\/es\/wp-json\/wp\/v2\/users\/2"}],"replies":[{"embeddable":true,"href":"https:\/\/avantis.edu.es\/es\/wp-json\/wp\/v2\/comments?post=4422"}],"version-history":[{"count":7,"href":"https:\/\/avantis.edu.es\/es\/wp-json\/wp\/v2\/pages\/4422\/revisions"}],"predecessor-version":[{"id":23967,"href":"https:\/\/avantis.edu.es\/es\/wp-json\/wp\/v2\/pages\/4422\/revisions\/23967"}],"wp:featuredmedia":[{"embeddable":true,"href":"https:\/\/avantis.edu.es\/es\/wp-json\/wp\/v2\/media\/2066"}],"wp:attachment":[{"href":"https:\/\/avantis.edu.es\/es\/wp-json\/wp\/v2\/media?parent=4422"}],"curies":[{"name":"wp","href":"https:\/\/api.w.org\/{rel}","templated":true}]}}